{"id":76,"date":"2016-05-31T00:56:55","date_gmt":"2016-05-30T22:56:55","guid":{"rendered":"http:\/\/localhost\/www\/SP-dev\/?page_id=76"},"modified":"2017-09-15T14:16:20","modified_gmt":"2017-09-15T12:16:20","slug":"the-creativity-of-interdisciplinarity","status":"publish","type":"page","link":"https:\/\/societesplurielles.fr\/en\/scientific-approach\/the-creativity-of-interdisciplinarity\/","title":{"rendered":"The Creativity of Interdisciplinarity","raw":"The Creativity of Interdisciplinarity"},"content":{"rendered":"<p style=\"padding-left: 30px;\"><strong>Researcher in charge of this project : Florence Mourlhon-Dallies (Universit\u00e9 Paris Descartes, EDA), with Gabrielle Chomentowski (INALCO), Patrick Renaud (Sorbonne Nouvelle Paris 3, RFC), Madalina Vartejanu-Joubert (INALCO, CERMOM).<\/strong><\/p>\n<p>This research group on the creativity of interdisciplinarity sets itself the following objectives:<\/p>\n<ul>\n<li>to study how interdisciplinarity emerges in the Plural Societies programme based on concrete collaboration between the researchers;<\/li>\n<li>to centralize the different kinds of methodological training provided by older or external interdisciplinary projects (or projects under way in the social sciences and humanities) through documentary and bibliographical monitoring;<\/li>\n<li>to analyse how interdisciplinary research can be opened up to accommodate masters-type academic courses and doctoral seminars: for example, the research group travelled to Sion in Switzerland to meet the teams co-managed by F. Darbellay from the Institut interdisciplinaire Kurt B\u00f6sch to exchange information on the link between interdisciplinary research and academic training in two areas: children\u2019s rights and tourism studies. We also benefited from the experience and advice of F. Tadd\u00e9i\u2019s team at the Centre for Research and Interdisciplinarity (Paris Descartes and Fondation Bettencourt);<\/li>\n<li>to establish how interdisciplinarity, in particular its civic dimension (in its \u20182.0\u2019 form) can instigate (and already instigates) effective cooperation between researchers and other actors from the CIT\u00c9 research group: for example, the workshops on\u00a0\u201c<a href=\"https:\/\/societesplurielles.fr\/en\/interdisciplinarite-et-enjeux-societaux\/\">Les apports de la recherche interdisciplinaire aux projets \u00e0 forts enjeu soci\u00e9tal<\/a>\u201d (\u201cThe contribution of interdisciplinary research to projects with a strong societal dimension\u201d), organized by Florence Mourlhon-Dallies (Universit\u00e9 Paris-Descartes, EDA), and on \u201c<a href=\"https:\/\/societesplurielles.fr\/en\/linterdisciplinarite-en-shs-une-cle-pour-lemploi-demain\/\">L\u2019interdisciplinarit\u00e9 en SHS : une cl\u00e9 pour l\u2019emploi demain\u00a0?<\/a>\u201d (\u201cInterdisciplinarity in the Humanities and Social Sciences: a key to employment for tomorrow?\u201d) , organized by Patrick Renaud (Universit\u00e9 Sorbonne-nouvelle Paris 3, RFC)<\/li>\n<\/ul>\n","protected":false,"raw":"<p style=\"padding-left: 30px;\"><strong>Researcher in charge of this project : Florence Mourlhon-Dallies (Universit\u00e9 Paris Descartes, EDA), with Gabrielle Chomentowski (INALCO), Patrick Renaud (Sorbonne Nouvelle Paris 3, RFC), Madalina Vartejanu-Joubert (INALCO, CERMOM).<\/strong><\/p>\r\nThis research group on the creativity of interdisciplinarity sets itself the following objectives:\r\n<ul>\r\n \t<li>to study how interdisciplinarity emerges in the Plural Societies programme based on concrete collaboration between the researchers;<\/li>\r\n \t<li>to centralize the different kinds of methodological training provided by older or external interdisciplinary projects (or projects under way in the social sciences and humanities) through documentary and bibliographical monitoring;<\/li>\r\n \t<li>to analyse how interdisciplinary research can be opened up to accommodate masters-type academic courses and doctoral seminars: for example, the research group travelled to Sion in Switzerland to meet the teams co-managed by F. Darbellay from the Institut interdisciplinaire Kurt B\u00f6sch to exchange information on the link between interdisciplinary research and academic training in two areas: children\u2019s rights and tourism studies. We also benefited from the experience and advice of F. Tadd\u00e9i\u2019s team at the Centre for Research and Interdisciplinarity (Paris Descartes and Fondation Bettencourt);<\/li>\r\n \t<li>to establish how interdisciplinarity, in particular its civic dimension (in its \u20182.0\u2019 form) can instigate (and already instigates) effective cooperation between researchers and other actors from the CIT\u00c9 research group: for example, the workshops on\u00a0\u201c<a href=\"http:\/\/societesplurielles.fr\/en\/interdisciplinarite-et-enjeux-societaux\/\">Les apports de la recherche interdisciplinaire aux projets \u00e0 forts enjeu soci\u00e9tal<\/a>\u201d (\u201cThe contribution of interdisciplinary research to projects with a strong societal dimension\u201d), organized by Florence Mourlhon-Dallies (Universit\u00e9 Paris-Descartes, EDA), and on \u201c<a href=\"http:\/\/societesplurielles.fr\/en\/linterdisciplinarite-en-shs-une-cle-pour-lemploi-demain\/\">L\u2019interdisciplinarit\u00e9 en SHS : une cl\u00e9 pour l\u2019emploi demain\u00a0?<\/a>\u201d (\u201cInterdisciplinarity in the Humanities and Social Sciences: a key to employment for tomorrow?\u201d) , organized by Patrick Renaud (Universit\u00e9 Sorbonne-nouvelle Paris 3, RFC)<\/li>\r\n<\/ul>"},"excerpt":{"rendered":"","protected":false,"raw":""},"author":1,"featured_media":454,"parent":232,"menu_order":13,"comment_status":"closed","ping_status":"closed","template":"","meta":{"_fr_post_content":"<p style=\"padding-left: 30px;\"><strong>Responsable : Florence Mourlhon-Dallies (Universit\u00e9 Paris Descartes, EDA)<\/strong><\/p>\r\nLe groupe de recherche sur la cr\u00e9ativit\u00e9 de l\u2019interdisciplinarit\u00e9 se donne les objectifs suivants :\r\n<ul>\r\n \t<li>\u00e9tudier \u00e0 partir de collaborations concr\u00e8tes observ\u00e9es entre chercheurs du programme comment se noue l\u2019interdisciplinarit\u00e9 dans Soci\u00e9t\u00e9s plurielles ;<\/li>\r\n \t<li>centraliser par une veille documentaire et bibliographique les diff\u00e9rents enseignements m\u00e9thodologiques de projets interdisciplinaires plus anciens (ou en cours en SHS) ou en dehors ;<\/li>\r\n \t<li>analyser comment des recherches interdisciplinaires peuvent ouvrir sur des formations acad\u00e9miques de type masters ou s\u00e9minaires doctoraux: \u00e0 titre d'exemple, le groupe de recherche sur la cr\u00e9ativit\u00e9 de l'interdisciplinarit\u00e9 s'est rendu \u00e0 Sion en Suisse, pour rencontrer les \u00e9quipes copilot\u00e9es par F. Dardelllay de l\u2019Institut interdisciplinaire Kurt B\u00f6sch, pour \u00e9changer sur le lien entre recherche interdisciplinaire et formation acad\u00e9mique, dans deux domaines particuliers : les droits de l\u2019enfant et les \u00e9tudes touristiques. Par ailleurs, nous avons b\u00e9n\u00e9fici\u00e9 de l'exp\u00e9rience et des conseils de l\u2019\u00e9quipe de F. Tadd\u00e9i du Centre de Recherches Interdisciplinaires (Paris Descartes et Fondation Bettencourt).<\/li>\r\n \t<li>\u00e9tablir comment l\u2019interdisciplinarit\u00e9, notamment dans sa dimension citoyenne (sous sa forme 2.0) peut engager (et engage d\u00e9j\u00e0) des coop\u00e9rations effectives entre chercheurs et autres acteurs de la Cit\u00e9: \u00e0 titre d'exemple, la journ\u00e9e d'\u00e9tude <a href=\"http:\/\/societesplurielles.fr\/interdisciplinarite-et-enjeux-societaux\/\">\u00ab\u00a0Les apports de la recherche interdisciplinaire aux projets \u00e0 forts enjeu soci\u00e9tal\u00a0\u00bb<\/a>, organis\u00e9e par Florence Mourlhon-Dallies (Universit\u00e9 Paris-Descartes, EDA) ou celle organis\u00e9e\u00a0par Patrick Renaud (Universit\u00e9 Sorbonne-nouvelle Paris 3, RFC) <a href=\"http:\/\/societesplurielles.fr\/linterdisciplinarite-en-shs-une-cle-pour-lemploi-demain\/\">\u00ab\u00a0L\u2019interdisciplinarit\u00e9 en SHS : une cl\u00e9 pour l\u2019emploi demain\u00a0?\u00a0\u00bb<\/a><\/li>\r\n<\/ul>\r\nParticipants : Gabrielle Chomentowski (INALCO), Patrick Renaud (Sorbonne Nouvelle Paris 3, RFC) , Madalina Vartejanu-Joubert (INALCO, CERMOM).\r\n<pre><a href=\"http:\/\/societesplurielles.fr\/wp-content\/uploads\/2016\/06\/Bibliographie-SP.pdf\" target=\"_blank\"><strong><img class=\"alignleft size-full wp-image-366\" src=\"http:\/\/societesplurielles.fr\/wp-content\/uploads\/2016\/05\/pdf-icon-e1466586473744.png\" alt=\"pdf-icone\" width=\"48\" height=\"48\" \/>\r\nConsultez la bibliographie de Soci\u00e9t\u00e9s plurielles<\/strong><\/a><\/pre>","_fr_post_name":"la-creativite-de-linterdisciplinarite","_fr_post_excerpt":"","_fr_post_title":"La cr\u00e9ativit\u00e9 de l\u2019interdisciplinarit\u00e9","_en_post_content":"<p style=\"padding-left: 30px;\"><strong>Researcher in charge of this project : Florence Mourlhon-Dallies (Universit\u00e9 Paris Descartes, EDA), with Gabrielle Chomentowski (INALCO), Patrick Renaud (Sorbonne Nouvelle Paris 3, RFC), Madalina Vartejanu-Joubert (INALCO, CERMOM).<\/strong><\/p>\r\nThis research group on the creativity of interdisciplinarity sets itself the following objectives:\r\n<ul>\r\n \t<li>to study how interdisciplinarity emerges in the Plural Societies programme based on concrete collaboration between the researchers;<\/li>\r\n \t<li>to centralize the different kinds of methodological training provided by older or external interdisciplinary projects (or projects under way in the social sciences and humanities) through documentary and bibliographical monitoring;<\/li>\r\n \t<li>to analyse how interdisciplinary research can be opened up to accommodate masters-type academic courses and doctoral seminars: for example, the research group travelled to Sion in Switzerland to meet the teams co-managed by F. Darbellay from the Institut interdisciplinaire Kurt B\u00f6sch to exchange information on the link between interdisciplinary research and academic training in two areas: children\u2019s rights and tourism studies. We also benefited from the experience and advice of F. Tadd\u00e9i\u2019s team at the Centre for Research and Interdisciplinarity (Paris Descartes and Fondation Bettencourt);<\/li>\r\n \t<li>to establish how interdisciplinarity, in particular its civic dimension (in its \u20182.0\u2019 form) can instigate (and already instigates) effective cooperation between researchers and other actors from the CIT\u00c9 research group: for example, the workshops on\u00a0\u201c<a href=\"http:\/\/societesplurielles.fr\/en\/interdisciplinarite-et-enjeux-societaux\/\">Les apports de la recherche interdisciplinaire aux projets \u00e0 forts enjeu soci\u00e9tal<\/a>\u201d (\u201cThe contribution of interdisciplinary research to projects with a strong societal dimension\u201d), organized by Florence Mourlhon-Dallies (Universit\u00e9 Paris-Descartes, EDA), and on \u201c<a href=\"http:\/\/societesplurielles.fr\/en\/linterdisciplinarite-en-shs-une-cle-pour-lemploi-demain\/\">L\u2019interdisciplinarit\u00e9 en SHS : une cl\u00e9 pour l\u2019emploi demain\u00a0?<\/a>\u201d (\u201cInterdisciplinarity in the Humanities and Social Sciences: a key to employment for tomorrow?\u201d) , organized by Patrick Renaud (Universit\u00e9 Sorbonne-nouvelle Paris 3, RFC)<\/li>\r\n<\/ul>","_en_post_name":"the-creativity-of-interdisciplinarity","_en_post_excerpt":"","_en_post_title":"The Creativity of Interdisciplinarity","edit_language":"en","footnotes":""},"class_list":["post-76","page","type-page","status-publish","has-post-thumbnail","hentry"],"_links":{"self":[{"href":"https:\/\/societesplurielles.fr\/en\/wp-json\/wp\/v2\/pages\/76","targetHints":{"allow":["GET"]}}],"collection":[{"href":"https:\/\/societesplurielles.fr\/en\/wp-json\/wp\/v2\/pages"}],"about":[{"href":"https:\/\/societesplurielles.fr\/en\/wp-json\/wp\/v2\/types\/page"}],"author":[{"embeddable":true,"href":"https:\/\/societesplurielles.fr\/en\/wp-json\/wp\/v2\/users\/1"}],"replies":[{"embeddable":true,"href":"https:\/\/societesplurielles.fr\/en\/wp-json\/wp\/v2\/comments?post=76"}],"version-history":[{"count":14,"href":"https:\/\/societesplurielles.fr\/en\/wp-json\/wp\/v2\/pages\/76\/revisions"}],"predecessor-version":[{"id":715,"href":"https:\/\/societesplurielles.fr\/en\/wp-json\/wp\/v2\/pages\/76\/revisions\/715"}],"up":[{"embeddable":true,"href":"https:\/\/societesplurielles.fr\/en\/wp-json\/wp\/v2\/pages\/232"}],"wp:featuredmedia":[{"embeddable":true,"href":"https:\/\/societesplurielles.fr\/en\/wp-json\/wp\/v2\/media\/454"}],"wp:attachment":[{"href":"https:\/\/societesplurielles.fr\/en\/wp-json\/wp\/v2\/media?parent=76"}],"curies":[{"name":"wp","href":"https:\/\/api.w.org\/{rel}","templated":true}]}}