{"id":143,"date":"2016-05-31T03:47:35","date_gmt":"2016-05-31T01:47:35","guid":{"rendered":"http:\/\/localhost\/www\/SP-dev\/?page_id=143"},"modified":"2017-09-19T15:02:04","modified_gmt":"2017-09-19T13:02:04","slug":"manifestations-scientifiques-a-venir","status":"publish","type":"page","link":"https:\/\/societesplurielles.fr\/fr\/evenements-scientifiques\/manifestations-scientifiques-a-venir\/","title":{"rendered":"Manifestations \u00e0 venir"},"content":{"rendered":"<ul class=\"lcp_catlist\"><div class='posts'><h2 class=\"post-title\"><a href=\"https:\/\/societesplurielles.fr\/fr\/aac-n6-les-sciences-sociales-entre-universalisme-et-differentialisme-le-retour-des-ecoles-nationales\/\">AAC n\u00b08 Les sciences sociales entre universalisme et diff\u00e9rentialisme\u00a0: le retour des \u00e9coles nationales\u00a0?<\/a><\/h2>  <div class=\"lcp_excerpt\">Appel \u00e0 contributions num\u00e9ro 6\/2023\nLes sciences sociales entre universalisme et diff\u00e9rentialisme :\nle retour des \u00e9coles nationales ?<\/div><a href=\"https:\/\/societesplurielles.fr\/fr\/aac-n6-les-sciences-sociales-entre-universalisme-et-differentialisme-le-retour-des-ecoles-nationales\/\" class=\"p\">Lire la suite<\/a><\/div><div class='posts'><h2 class=\"post-title\"><a href=\"https:\/\/societesplurielles.fr\/fr\/aac-n5-lidentite-contre-science-science-service-de-lidentite\/\">AAC n\u00b05 \u00ab L\u2019identit\u00e9 contre la science ? La science au service de l\u2019identit\u00e9 ? \u00bb<\/a><\/h2>  <div class=\"lcp_excerpt\">\u00ab L\u2019identit\u00e9 contre la science ? La science au service de l\u2019identit\u00e9 ? \u00bb\nL\u2019appropriation identitaire des savoirs repr\u00e9sente un ph\u00e9nom\u00e8ne constitutif des soci\u00e9t\u00e9s humaines et s\u2019inscrit, d\u2019ores et d\u00e9j\u00e0, dans l\u2019horizon d\u2019analyse des sciences sociales. Longtemps associ\u00e9e \u00e0 des pouvoirs constitu\u00e9s ou \u00e0 des courants politiques de divers horizons, elle a \u00e9t\u00e9 marqu\u00e9e, durant les ...<\/div><a href=\"https:\/\/societesplurielles.fr\/fr\/aac-n5-lidentite-contre-science-science-service-de-lidentite\/\" class=\"p\">Lire la suite<\/a><\/div><div class='posts'><h2 class=\"post-title\"><a href=\"https:\/\/societesplurielles.fr\/fr\/appel-a-contributions\/\">Revue \u00ab Soci\u00e9t\u00e9s plurielles \u00bb \u2013 Appel \u00e0 contribution permanent<\/a><\/h2>  <div class=\"lcp_excerpt\">La revue interdisciplinaire \u00e0 comit\u00e9 de lecture Soci\u00e9t\u00e9s plurielles lance un appel \u00e0 contributions permanent pour\u00a0les rubriques \u201cLectures crois\u00e9es\u201d, \u201cComptes rendus\u201d et \u201cR\u00e9sum\u00e9s de th\u00e8se\u201d.\nLes propositions de lecture crois\u00e9e, de compte rendu\u00a0et de r\u00e9sum\u00e9 de th\u00e8se peuvent \u00eatre envoy\u00e9s \u00e0 l\u2019adresse de la r\u00e9daction : programmesp@gmail.com. La Revue examinera toutes les propositions qui correspondent \u00e0 ...<\/div><a href=\"https:\/\/societesplurielles.fr\/fr\/appel-a-contributions\/\" class=\"p\">Lire la suite<\/a><\/div><div class='posts'><h2 class=\"post-title\"><a href=\"https:\/\/societesplurielles.fr\/fr\/alejandro-portes\/\">Alejandro Portes au s\u00e9minaire MAGMET (MigrAnts in Global METropolises), le 16 mai 2019 \u00e0 Paris<\/a><\/h2>  <div class=\"lcp_excerpt\">Alejandro Portes au s\u00e9minaire MAGMET\n\nLe prochain s\u00e9minaire MAGMET aura lieu le 16 mai 2019, de 10h \u00e0 12h, \u00e0 l&rsquo;Inalco, Amphi 1 \/ 65 rue des Grands Moulins, 75013.\nNous aurons le plaisir d&rsquo;entendre Alejandro Portes, de l&rsquo;universit\u00e9 de Princeton, avec pour discutants Renaud Le Goix (Universit\u00e9 de Paris\/G\u00e9ographie-cit\u00e9s) et Tommaso Vitale (Sciences Po\/Centre d&rsquo;\u00e9tudes europ\u00e9ennes) ...<\/div><a href=\"https:\/\/societesplurielles.fr\/fr\/alejandro-portes\/\" class=\"p\">Lire la suite<\/a><\/div><div class='posts'><h2 class=\"post-title\"><a href=\"https:\/\/societesplurielles.fr\/fr\/conference-migrants-in-the-globalizing-city-spaces-places-and-mobilities-in-asia-europe-and-the-middle-east\/\">Conf\u00e9rence \u00ab\u00a0Migrants in the Globalising City: Spaces, Places and Mobilities in Asia, Europe and the Middle East\u00a0\u00bb<\/a><\/h2>  <div class=\"lcp-customfield\">9 et 10 juillet 2018, \u00e0 Paris<\/div><div class=\"lcp_excerpt\">\nProgramme_Migrants_Globalising City_2018\n<\/div><a href=\"https:\/\/societesplurielles.fr\/fr\/conference-migrants-in-the-globalizing-city-spaces-places-and-mobilities-in-asia-europe-and-the-middle-east\/\" class=\"p\">Lire la suite<\/a><\/div><div class='posts'><h2 class=\"post-title\"><a href=\"https:\/\/societesplurielles.fr\/fr\/journee-detudes-discours-langues-migrations-regards-pluridisciplinaires\/\">Journ\u00e9e d&rsquo;\u00e9tudes \u00ab\u00a0Discours, langues et migrations: regards pluridisciplinaires\u00a0\u00bb<\/a><\/h2>  <div class=\"lcp-customfield\">le 29 juin 2018, \u00e0 Paris<\/div><div class=\"lcp_excerpt\">Journ\u00e9e d&rsquo;\u00e9tudes organis\u00e9e par\u00a0Laurence Le Ferrec et Marie Veniard (Laboratoire EDA) avec le soutien de l\u2019Universit\u00e9 Paris Descartes et du Programme interdisciplinaire Soci\u00e9t\u00e9s Plurielles (USPC)\nLieu: \u00a0Amphith\u00e9\u00e2tre Durkheim,\u00a0Universit\u00e9 Paris 1 Panth\u00e9on-Sorbonne,\u00a01 rue Victor Cousin (entr\u00e9e par la place de la Sorbonne) ou bien 12 rue Cujas, 75005 Paris.\nHoraires: 9h30-17h30 (voir programme ci-dessous)\nCette journ\u00e9e vise, en croisant ...<\/div><a href=\"https:\/\/societesplurielles.fr\/fr\/journee-detudes-discours-langues-migrations-regards-pluridisciplinaires\/\" class=\"p\">Lire la suite<\/a><\/div><div class='posts'><h2 class=\"post-title\"><a href=\"https:\/\/societesplurielles.fr\/fr\/elijah-anderson-seminaire-magmet\/\">Elijah Anderson au s\u00e9minaire MAGMET<\/a><\/h2>  <div class=\"lcp-customfield\">Le 21 juin 2018, \u00e0 Paris<\/div><div class=\"lcp_excerpt\">Le s\u00e9minaire MAGMET (Migrants in Global Metropolises) aura lieu le 21 juin 2018 de 10h30 \u00e0 12h30 en salle du conseil du CERI, 56 rue Jacob 75006 Paris.\nNous aurons le plaisir d&rsquo;entendre Elijah Anderson (Yale University) avec pour discutants Virginie Guiraudon (CEE Sciences Po), Bruno Cousin (CEE Sciences Po) et Daniel Sabbagh (CERI, Sciences Po) ...<\/div><a href=\"https:\/\/societesplurielles.fr\/fr\/elijah-anderson-seminaire-magmet\/\" class=\"p\">Lire la suite<\/a><\/div><div class='posts'><h2 class=\"post-title\"><a href=\"https:\/\/societesplurielles.fr\/fr\/publication-figure-consommateur-immigre-europe\/\">La figure du consommateur immigr\u00e9 en Europe, Pr\u00e9sentation de l&rsquo;ouvrage aux Presses de l&rsquo;Inalco<\/a><\/h2>  <div class=\"lcp-customfield\">14 juin 2018, \u00e0 Paris<\/div><div class=\"lcp_excerpt\">De 18h\u00e0 20h dans les Salons de l&rsquo;INALCO\n2 rue de Lille, 75007 Paris,\nen pr\u00e9sence des auteurs\nOuvrage dirig\u00e9 par Virginie Silhouette-Dercourt, Maren\u00a0M\u00f6hring et Marie Poinsot\nhttps:\/\/www.youtube.com\/watch?v=Uzgl9cg47oU\nUne invitation \u00e0 d\u00e9couvrir les recherches men\u00e9es en France et en Allemagne sur la th\u00e9matique du consommateur immigr\u00e9.\u00a0Cet ouvrage vise \u00e0 documenter une s\u00e9rie d\u2019\u00e9changes scientifiques franco\u2011allemands qui se sont d\u00e9roul\u00e9s entre ...<\/div><a href=\"https:\/\/societesplurielles.fr\/fr\/publication-figure-consommateur-immigre-europe\/\" class=\"p\">Lire la suite<\/a><\/div><div class='posts'><h2 class=\"post-title\"><a href=\"https:\/\/societesplurielles.fr\/fr\/from-selma-to-moscow-how-human-rights-activists-transformed-u-s-foreign-policy-sarah-s-snyder\/\">The CSCE and the end of the Cold War, presentation de l&rsquo;ouvrage collectif avec Sarah S. Snyder et Nicolas Badalassi<\/a><\/h2>  <div class=\"lcp-customfield\">Le 11 juin 2018, \u00e0 Paris<\/div><div class=\"lcp_excerpt\">\n<\/div><a href=\"https:\/\/societesplurielles.fr\/fr\/from-selma-to-moscow-how-human-rights-activists-transformed-u-s-foreign-policy-sarah-s-snyder\/\" class=\"p\">Lire la suite<\/a><\/div><div class='posts'><h2 class=\"post-title\"><a href=\"https:\/\/societesplurielles.fr\/fr\/pushpa-arabindoo-seminaire-magmet\/\">Pushpa Arabindoo au s\u00e9minaire MAGMET<\/a><\/h2>  <div class=\"lcp-customfield\">le 17 mai 2018, \u00e0 Parisle 17 mai 2018, \u00e0 Paris<\/div><div class=\"lcp_excerpt\">Le s\u00e9minaire MAGMET aura lieu le 17 mai 2018 de 14h \u00e0 16h, en salle 165, b\u00e2timent Olympe de Gouges, Universit\u00e9 Paris Diderot, Place Paul Ricoeur, 75013 Paris.\nNous aurons le plaisir d&rsquo;entendre Pushpa Arabindoo (IEA, Paris) avec pour discutant Eric Denis (CNRS, G\u00e9ographie-cit\u00e9s) sur le th\u00e8me:\nBADLANDS, WASTELANDS: ECOLOGICAL IMAGINATIONS IN CHENNAI\nRecent invocations calling for an ...<\/div><a href=\"https:\/\/societesplurielles.fr\/fr\/pushpa-arabindoo-seminaire-magmet\/\" class=\"p\">Lire la suite<\/a><\/div><\/ul><ul class='lcp_paginator'><li class='lcp_currentpage'>1<\/li><li><a href='https:\/\/societesplurielles.fr\/fr\/wp-json\/wp\/v2\/pages\/143?lcp_page0=2#lcp_instance_0' title='2'>2<\/a><\/li><li><a href='https:\/\/societesplurielles.fr\/fr\/wp-json\/wp\/v2\/pages\/143?lcp_page0=2#lcp_instance_0' title='2' class='lcp_nextlink'>Suivant<\/a><\/li><\/ul>\n","protected":false},"excerpt":{"rendered":"","protected":false},"author":1,"featured_media":484,"parent":14,"menu_order":31,"comment_status":"closed","ping_status":"closed","template":"","meta":{"_fr_post_content":"[catlist name=\"a-venir\" customfield_display=\"date-\u00e9v\u00e9nement\" customfield_display_name=no excerpt=full posts_morelink=\"Lire la suite\" pagination=\"yes\" numberposts=10 pagination_prev\"Pr\u00e9c\u00e9dent\" pagination_next=\"Suivant\" template=default]","_fr_post_name":"manifestations-scientifiques-a-venir","_fr_post_excerpt":"","_fr_post_title":"Manifestations \u00e0 venir","_en_post_content":"[catlist name=\"a-venir\" customfield_display=\"date-\u00e9v\u00e9nement\" customfield_display_name=no excerpt=full posts_morelink=\"Read More\" pagination=\"yes\" numberposts=10 pagination_prev\"Previous\" pagination_next=\"Next\" template=default]","_en_post_name":"future-manifestations","_en_post_excerpt":"","_en_post_title":"Upcoming Events","edit_language":"fr","footnotes":""},"class_list":["post-143","page","type-page","status-publish","has-post-thumbnail","hentry"],"_links":{"self":[{"href":"https:\/\/societesplurielles.fr\/fr\/wp-json\/wp\/v2\/pages\/143","targetHints":{"allow":["GET"]}}],"collection":[{"href":"https:\/\/societesplurielles.fr\/fr\/wp-json\/wp\/v2\/pages"}],"about":[{"href":"https:\/\/societesplurielles.fr\/fr\/wp-json\/wp\/v2\/types\/page"}],"author":[{"embeddable":true,"href":"https:\/\/societesplurielles.fr\/fr\/wp-json\/wp\/v2\/users\/1"}],"replies":[{"embeddable":true,"href":"https:\/\/societesplurielles.fr\/fr\/wp-json\/wp\/v2\/comments?post=143"}],"version-history":[{"count":10,"href":"https:\/\/societesplurielles.fr\/fr\/wp-json\/wp\/v2\/pages\/143\/revisions"}],"predecessor-version":[{"id":1370,"href":"https:\/\/societesplurielles.fr\/fr\/wp-json\/wp\/v2\/pages\/143\/revisions\/1370"}],"up":[{"embeddable":true,"href":"https:\/\/societesplurielles.fr\/fr\/wp-json\/wp\/v2\/pages\/14"}],"wp:featuredmedia":[{"embeddable":true,"href":"https:\/\/societesplurielles.fr\/fr\/wp-json\/wp\/v2\/media\/484"}],"wp:attachment":[{"href":"https:\/\/societesplurielles.fr\/fr\/wp-json\/wp\/v2\/media?parent=143"}],"curies":[{"name":"wp","href":"https:\/\/api.w.org\/{rel}","templated":true}]}}