{"id":66,"date":"2016-05-31T00:31:15","date_gmt":"2016-05-30T22:31:15","guid":{"rendered":"http:\/\/localhost\/www\/SP-dev\/?page_id=66"},"modified":"2017-10-23T13:14:35","modified_gmt":"2017-10-23T11:14:35","slug":"la-pluralite-a-lepreuve-des-crises-et-des-conflits","status":"publish","type":"page","link":"https:\/\/societesplurielles.fr\/fr\/axes-de-recherche\/la-pluralite-a-lepreuve-des-crises-et-des-conflits\/","title":{"rendered":"CIT\u00c9: Coh\u00e9sion et Identit\u00e9s dans les Territoires europ\u00e9ens"},"content":{"rendered":"<p style=\"padding-left: 30px;\"><strong>Responsables du projet int\u00e9gr\u00e9\u00a0: Gilles Lepesant (Sciences Po, G\u00e9ographie-Cit\u00e9s) et Florence Mourlhon-Dallies (Universit\u00e9 Paris Descartes, EDA)<\/strong><\/p>\n<p>Les villes europ\u00e9ennes sont confront\u00e9es \u00e0 de nouvelles formes de mobilit\u00e9, de d\u00e9veloppement, de pratiques patrimoniales et urbanistiques qui interrogent leur rapport \u00e0 elles-m\u00eames, \u00e0 l&rsquo;Europe et au reste du monde.<\/p>\n<p>Le projet CIT\u00c9 privil\u00e9gie ici les d\u00e9marches qualitatives centr\u00e9es sur l\u2019\u00e9tude interdisciplinaire des modes de partage et d\u2019investissement des territoires urbains, tant au plan concret que symbolique. A l\u2019heure o\u00f9 les villes europ\u00e9ennes sont confront\u00e9es \u00e0 de nouvelles formes de mobilit\u00e9, de d\u00e9veloppement qui suscitent tant\u00f4t des strat\u00e9gies d&rsquo;ouverture et d&rsquo;accueil, tant\u00f4t des r\u00e9actions de fermeture, il para\u00eet important de d\u00e9terminer par quels processus pr\u00e9cis des groupes et des sous-groupes se forment ou se d\u00e9font, inventent ou subissent des mod\u00e8les de pr\u00e9sence et d\u2019action dans des espaces finis. Le groupe se propose notamment d\u2019analyser comment les diff\u00e9rents acteurs des territoires \u00e9tudi\u00e9s se d\u00e9finissent les uns par rapport aux autres, entre st\u00e9r\u00e9otypes et r\u00e9invention de soi.<\/p>\n<p>Au regard des th\u00e9matiques \u00e9tudi\u00e9es, les villes europ\u00e9ennes font-elle appara\u00eetre des approches convergentes susceptibles de donner un sens \u00e0 la notion de \u00ab\u00a0ville europ\u00e9enne\u00a0\u00bb ou adoptent-elles au contraire des trajectoires divergentes renvoyant \u00e0 l&rsquo;incertitude qui entoure le projet europ\u00e9en dans son ensemble ?<\/p>\n<p>Sensibles au \u00ab\u00a0pluriel\u00a0\u00bb, les chercheurs de CIT\u00c9 se placent au croisement des modes de gouvernances institu\u00e9s (qu\u2019ils soient locaux, r\u00e9gionaux, nationaux, europ\u00e9ens ou mondiaux) et des dynamiques de terrain, qui construisent des regroupements, des exclusions, des recompositions. Dans ce champ de forces en tension, \u00e9conomistes, historiens, g\u00e9ographes, linguistes, civilisationnistes r\u00e9interrogent les notions de coh\u00e9sion et d\u2019identit\u00e9, en privil\u00e9giant pour objet d&rsquo;\u00e9tude le territoire urbain.<\/p>\n<h2>Travaux et manifestations associ\u00e9es<\/h2>\n<h4><\/h4>\n<h4><span style=\"color: #3366ff;\">\u00c9tudes sur les territoires urbains et les villes d\u2019Europe (ETUVE)<\/span><\/h4>\n<p>Avec\u00a0Gilles Lepesant (Sciences Po, G\u00e9ographie-Cit\u00e9s), Alain P\u00e9lissier (\u00c9cole Nationale Sup\u00e9rieure d\u2019Architecture Paris Val de Seine), Marie-Louise Pelus-Kaplan (Universit\u00e9 Paris Diderot, ICT), Dominique Rivi\u00e8re (Universit\u00e9 Paris Diderot, G\u00e9ographie-Cit\u00e9s).<\/p>\n<ul>\n<li>Journ\u00e9e d\u2019\u00e9tude <a href=\"http:\/\/societesplurielles.fr\/wp-content\/uploads\/2016\/11\/Villes-europeennes-en-transition.pdf\" target=\"_blank\">\u00ab\u00a0Villes europ\u00e9ennes en transition\u201d<\/a>. Matin :<em> Visions urbaines de la transition \u00e9nerg\u00e9tique<\/em>. Apr\u00e8s-midi : <em>Visions urbaines des politiques de patrimonialisation <\/em>(Paris, 28 octobre 2016)<\/li>\n<li>Journ\u00e9e d\u2019\u00e9tudes <a href=\"http:\/\/societesplurielles.fr\/les-villes-deurope-centrale-et-orientale-sur-la-longue-duree\/\">\u00ab\u00a0Les villes d\u2019Europe centrale et orientale sur la longue dur\u00e9e : Formes de la pluralit\u00e9, enjeux de l\u2019europ\u00e9anisation\u00a0\u00bb<\/a> (Paris, 26 novembre 2015)<\/li>\n<\/ul>\n<h4><span style=\"color: #3366ff;\">Paysages linguistiques<\/span><\/h4>\n<p>Avec Florence Mourlhon-Dallies (Universit\u00e9 Paris Descartes, EDA)<\/p>\n<p>Ce sous-projet, initi\u00e9 en 2014 en collaboration avec l\u2019universit\u00e9 du Luxembourg et les \u00e9tudiants de deux masters (Signes, Discours, Monde Contemporain, pour Paris Descartes et Multicultural Learning, au Luxembourg) \u00e9tudie le d\u00e9ploiement des langues dans l&rsquo;espace urbain. La prochaine \u00e9tape serait l\u2019\u00e9tude des paysages linguistiques \u00e0 Sarajevo.<\/p>\n<ul>\n<li>\u00ab\u00a0<em>Linguistic Landscape\/s <\/em>:\u00a0 quels ancrages disciplinaires dans les univers de recherche anglophone et francophone ?\u00a0\u00bb, Communication de F. Mourlhon-Dallies et de I. Saint-Georges au colloque\u00a0 international <em>Les d\u00e9signations disciplinaires et leurs contenus\u00a0: le paradigme des Studies<\/em> (Universit\u00e9 Paris 13,\u00a0 19 janvier 2017).<\/li>\n<li>En savoir plus \u00a0<a href=\"http:\/\/societesplurielles.fr\/wp-content\/uploads\/2016\/09\/D%C3%A9ploiement-des-langues-dans-lespace-public-F.Mourlhon-Dallies.docx\">\u00ab\u00a0D\u00e9ploiement des langues dans l&rsquo;espace public\u00a0\u00bb<\/a><\/li>\n<\/ul>\n<h4><span style=\"color: #3366ff;\">Observatoire interactif des mobilit\u00e9s et vuln\u00e9rabilit\u00e9s (OIMV)<\/span><\/h4>\n<p>Avec\u00a0Liliane Crips (ICT, Universit\u00e9 Paris Diderot), Patrick Renaud (RFC, Universit\u00e9 Sorbonne Nouvelle &#8211; Paris 3), Alain P\u00e9lissier (\u00c9cole Nationale Sup\u00e9rieure d\u2019Architecture Paris Val de Seine), Myrielle Hammer (\u00c9cole Nationale d&rsquo;architecture de Paris Val de Seine), Thierry Arnold (Association des Cit\u00e9s du Secours Catholique), Andrea Grecu (Univ. Bucarest), Iwona Piechnik (Univ. Cracovie), Attila Papp et Ivan Bajomi (Univ. Budapest).<\/p>\n<p>O.I.M.V. est un projet\u00a0de mise en place de dispositifs d\u2019observation, d\u2019analyse, de description et d\u2019archivage de pratiques sociales (de la rencontre entre inconnus \u00e0 la participation plurielle) entre\u00a0des personnes en d\u00e9rive, participant de la perte d\u2019autonomie sociale (par pr\u00e9carit\u00e9 de toute origine\u00a0: ch\u00f4mage, rupture familiale, perte de domicile, migration, demande d\u2019asile, \u00ab\u00a0aphasie\u00a0\u00bb transitoire, etc.), des personnes autonomes, acteurs dans leur soci\u00e9t\u00e9, membres d\u2019institutions, associations, collectifs d\u2019accueil ou de rejet, dans l\u2019espace de leur ville, quartier, arrondissement ou autre espace public .<\/p>\n<p>Il s\u2019agit d\u2019un projet de recherche interdisciplinaire (sciences du langage, sociologie, architecture urbaine, g\u00e9ographie, \u00e9conomie, histoire, litt\u00e9rature, anthropologie) sur la diversit\u00e9 des ressources offertes et des obstacles oppos\u00e9s par les membres d\u2019un \u00ab\u00a0in-group\u00a0\u00bb urbain autochtone aux membres d\u2019 \u00ab\u00a0out-groups\u00a0\u00bb per\u00e7us comme d\u00e9figurant la ville par l\u2019usage d\u00e9gradant qu\u2019ils en font. Les membres de ce projet se proposent\u00a0de suivre, pas \u00e0 pas, l\u2019\u00e9laboration et le partage de sens pr\u00e9sidant \u00e0 la mise en \u0153uvre et au d\u00e9veloppement de solutions pouvant conduire \u00e0 la reconstruction de son autonomie sociale chez l\u2019exclu, dans une participation plurielle entre membres de l\u2019un et l\u2019autre groupes.<\/p>\n<ul>\n<li>Atelier de travail de l&rsquo;OIMV \u00e0 Budapest (11-13 mai 2017)<\/li>\n<li>Colloque <a href=\"http:\/\/societesplurielles.fr\/roms-migrants\/\">\u00ab<\/a><a href=\"http:\/\/societesplurielles.fr\/migrants-en-ville-entre-situation-dexclusion-et-strategie-dinsertion\/\" target=\"_blank\">Exil\u00e9s-R\u00e9fugi\u00e9s-Migrants en ville. Formes d&rsquo;exclusion et strat\u00e9gies d&rsquo;insertion (Europe, 1945-2016)<\/a><a href=\"http:\/\/societesplurielles.fr\/roms-migrants\/\">\u00bb<\/a> (8 et 9 d\u00e9cembre 2016)<\/li>\n<li>Journ\u00e9e d\u2019\u00e9tude <a href=\"http:\/\/societesplurielles.fr\/roms-migrants\/\">\u00ab\u00a0Roms migrants : politiques, ressources et pratiques d\u2019insertion en Seine-Saint-Denis\u00a0\u00bb<\/a> (17 octobre 2015)<\/li>\n<\/ul>\n<h4><span style=\"color: #3366ff;\">Manufacture coop\u00e9rative (MANUCOOP)<br \/>\n<\/span><\/h4>\n<p>Avec Petia Koleva (Universit\u00e9 Paris Diderot, LADYSS), Yorgos Rizopoulos (Universit\u00e9 Paris Diderot, LADYSS), Pascal Grouiez, (Universit\u00e9 Paris Diderot, LADYSS), Eric Magnin (Universit\u00e9 Paris Diderot, LADYSS), Violaine Delteil, (Universit\u00e9 Sorbonne Nouvelle Paris 3, ICEE).<\/p>\n<p>Depuis les ann\u00e9es 1980, l\u2019h\u00e9g\u00e9monie de la finance puis l\u2019effondrement des \u00e9conomies planifi\u00e9es ont \u00e9rig\u00e9 le march\u00e9 comme m\u00e9canisme central de r\u00e9gulation des crises \u00e9conomiques. Une vision alternative, tourn\u00e9e vers les autres sciences sociales, permet de consid\u00e9rer l\u2019\u00e9conomie comme une sph\u00e8re \u00ab\u00a0encastr\u00e9e\u00a0\u00bb dans le reste de la soci\u00e9t\u00e9. Il s\u2019agit de d\u00e9montrer qu\u2019il n\u2019existe pas une one best way d\u2019innovation sociale face aux crises, ni un seul assemblage de modes de coordination entre l\u2019Etat, le syst\u00e8me productif et financier et les individus.\u00a0Ce sous-projet interroge\u00a0les enjeux soulev\u00e9s par les coop\u00e9ratives et l&rsquo;\u00e9mergence de nouvelles formes d&rsquo;entreprendre qui prennent notamment appui sur des types renouvel\u00e9s de mobilisation citoyenne. Cliquez sur ce lien pour plus d&rsquo;informations: <a href=\"http:\/\/societesplurielles.fr\/wp-content\/uploads\/2017\/10\/Brochure-Manucoop-OKweb.pdf\">Brochure-Manucoop<\/a><\/p>\n<ul>\n<li>Universit\u00e9 \u00e9ph\u00e9m\u00e8re<a href=\"http:\/\/manufacture.coop\/save-the-date-universite-ephemere%E2%8E%AA11-et-12-octobre-2017%E2%8E%AAparis\/\" target=\"_blank\"> \u00ab\u00a0Qualit\u00e9 de vie au travail, Innovation manag\u00e9riale et Coop\u00e9ration\u00a0\u00bb<\/a> (Paris, 11-12 octobre 2017)<\/li>\n<li>Actualit\u00e9s de Manucoop dans <a href=\"http:\/\/societesplurielles.fr\/wp-content\/uploads\/2017\/10\/20170928_144931-1.jpg\" target=\"_blank\">ValeursMutualistes, n\u00b0308, Septembre 2017<\/a><\/li>\n<li>S\u00e9minaire <a href=\"http:\/\/societesplurielles.fr\/mutuelles-de-travail-travail-en-communs-regards-croises\/\" target=\"_blank\">\u00ab Mutuelles de travail \/ Travail des communs : regards crois\u00e9s\u00bb<\/a>, (Paris, 11 mai 2017)<\/li>\n<li>Atelier de recherche <a href=\"http:\/\/societesplurielles.fr\/associer-recherche-et-action-travail-autonome\/\" target=\"_blank\">\u201cAssocier Recherche et Action \u00e0 propos des nouvelles formes de travail autonome\u201d<\/a>, Universit\u00e9 d&rsquo;\u00e9t\u00e9 \u00ab\u00a0Les nouvelles figures du social\u00a0\u00bb (Paris, 4-8 juillet 2016)<\/li>\n<li>S\u00e9minaire annuel <a href=\"http:\/\/societesplurielles.fr\/wp-content\/uploads\/2016\/06\/S\u00e9minaire-\u00e9conomies-socialistes.pdf\" target=\"_blank\">\u00ab\u00a0Exp\u00e9riences des \u00e9conomies socialistes\u00a0\u00bb<\/a> (2016-2017)<\/li>\n<li>Colloque\u00a0<a href=\"http:\/\/societesplurielles.fr\/agir-cooperatif-egalite-pouvoir\/\">\u00ab\u00a0Agir coop\u00e9ratif, \u00e9galit\u00e9, pouvoir : regards crois\u00e9s entre recherche et action sur \u00ab\u00a0ce\u00a0\u00bb qui permet la coop\u00e9ration\u00a0\u00bb<\/a> (Paris, 9 octobre 2015)<\/li>\n<\/ul>\n<h4><span style=\"color: #3366ff;\">Soci\u00e9t\u00e9s plurielles contemporaines<\/span><\/h4>\n<p>Avec Judit Maar (Sorbonne Paris Nouvelle,\u00a0CIEH &amp; CIEFI)<\/p>\n<ul>\n<li>Colloque <a href=\"http:\/\/societesplurielles.fr\/wp-content\/uploads\/2017\/05\/programme-pao.pdf\" target=\"_blank\">\u00abFronti\u00e8res et transferts culturels dans l\u2019espace euro-m\u00e9diterran\u00e9en. Dynamiques transfrontali\u00e8res des pratiques culturelles \u00e0 l\u2019\u00e9poque contemporaines\u00bb<\/a> (Paris, 26-27 octobre 2016)<strong><br \/>\n<\/strong><\/li>\n<li>Conf\u00e9rence <a href=\"http:\/\/societesplurielles.fr\/regards-sur-lespace-euro-mediterraneen\/\">\u00ab\u00a0Soci\u00e9t\u00e9s plurielles contemporaines : crises et transferts culturels.\u00a0Regards sur l\u2019espace euro-m\u00e9diterran\u00e9en \u00bb <\/a>(Paris, 6-7 novembre 2015)<\/li>\n<\/ul>\n<p><a href=\"http:\/\/societesplurielles.fr\/wp-content\/uploads\/2016\/06\/Bibliographie-SP.pdf\" target=\"_blank\"><strong><img loading=\"lazy\" decoding=\"async\" class=\"alignleft size-full wp-image-366\" src=\"http:\/\/societesplurielles.fr\/wp-content\/uploads\/2016\/05\/pdf-icon-e1466586473744.png\" alt=\"pdf-icone\" width=\"48\" height=\"48\" \/> Consultez la bibliographie de Soci\u00e9t\u00e9s plurielles<\/strong><\/a><\/p>\n","protected":false},"excerpt":{"rendered":"<p>Responsables du projet int\u00e9gr\u00e9\u00a0: Gilles Lepesant (Sciences Po, G\u00e9ographie-Cit\u00e9s) et Florence Mourlhon-Dallies (Universit\u00e9 Paris Descartes, EDA) Les villes europ\u00e9ennes sont confront\u00e9es \u00e0 de nouvelles formes de mobilit\u00e9, de d\u00e9veloppement, de pratiques patrimoniales et urbanistiques qui interrogent leur rapport \u00e0 elles-m\u00eames, \u00e0 l&rsquo;Europe et au reste du monde. Le projet CIT\u00c9 privil\u00e9gie ici les d\u00e9marches qualitatives [&hellip;]<\/p>\n","protected":false},"author":1,"featured_media":558,"parent":83,"menu_order":23,"comment_status":"closed","ping_status":"closed","template":"","meta":{"_fr_post_content":"<p style=\"padding-left: 30px;\"><strong>Responsables du projet int\u00e9gr\u00e9\u00a0: Gilles Lepesant (Sciences Po, G\u00e9ographie-Cit\u00e9s) et Florence Mourlhon-Dallies (Universit\u00e9 Paris Descartes, EDA)<\/strong><\/p>\r\nLes villes europ\u00e9ennes sont confront\u00e9es \u00e0 de nouvelles formes de mobilit\u00e9, de d\u00e9veloppement, de pratiques patrimoniales et urbanistiques qui interrogent leur rapport \u00e0 elles-m\u00eames, \u00e0 l'Europe et au reste du monde.\r\n\r\nLe projet CIT\u00c9 privil\u00e9gie ici les d\u00e9marches qualitatives centr\u00e9es sur l\u2019\u00e9tude interdisciplinaire des modes de partage et d\u2019investissement des territoires urbains, tant au plan concret que symbolique. A l\u2019heure o\u00f9 les villes europ\u00e9ennes sont confront\u00e9es \u00e0 de nouvelles formes de mobilit\u00e9, de d\u00e9veloppement qui suscitent tant\u00f4t des strat\u00e9gies d'ouverture et d'accueil, tant\u00f4t des r\u00e9actions de fermeture, il para\u00eet important de d\u00e9terminer par quels processus pr\u00e9cis des groupes et des sous-groupes se forment ou se d\u00e9font, inventent ou subissent des mod\u00e8les de pr\u00e9sence et d\u2019action dans des espaces finis. Le groupe se propose notamment d\u2019analyser comment les diff\u00e9rents acteurs des territoires \u00e9tudi\u00e9s se d\u00e9finissent les uns par rapport aux autres, entre st\u00e9r\u00e9otypes et r\u00e9invention de soi.\r\n\r\nAu regard des th\u00e9matiques \u00e9tudi\u00e9es, les villes europ\u00e9ennes font-elle appara\u00eetre des approches convergentes susceptibles de donner un sens \u00e0 la notion de \"ville europ\u00e9enne\" ou adoptent-elles au contraire des trajectoires divergentes renvoyant \u00e0 l'incertitude qui entoure le projet europ\u00e9en dans son ensemble ?\r\n\r\nSensibles au \u00ab\u00a0pluriel\u00a0\u00bb, les chercheurs de CIT\u00c9 se placent au croisement des modes de gouvernances institu\u00e9s (qu\u2019ils soient locaux, r\u00e9gionaux, nationaux, europ\u00e9ens ou mondiaux) et des dynamiques de terrain, qui construisent des regroupements, des exclusions, des recompositions. Dans ce champ de forces en tension, \u00e9conomistes, historiens, g\u00e9ographes, linguistes, civilisationnistes r\u00e9interrogent les notions de coh\u00e9sion et d\u2019identit\u00e9, en privil\u00e9giant pour objet d'\u00e9tude le territoire urbain.\r\n<h2>Travaux et manifestations associ\u00e9es<\/h2>\r\n<h4><\/h4>\r\n<h4><span style=\"color: #3366ff;\">\u00c9tudes sur les territoires urbains et les villes d\u2019Europe (ETUVE)<\/span><\/h4>\r\nAvec\u00a0Gilles Lepesant (Sciences Po, G\u00e9ographie-Cit\u00e9s), Alain P\u00e9lissier (\u00c9cole Nationale Sup\u00e9rieure d\u2019Architecture Paris Val de Seine), Marie-Louise Pelus-Kaplan (Universit\u00e9 Paris Diderot, ICT), Dominique Rivi\u00e8re (Universit\u00e9 Paris Diderot, G\u00e9ographie-Cit\u00e9s).\r\n<ul>\r\n \t<li>Journ\u00e9e d\u2019\u00e9tude <a href=\"http:\/\/societesplurielles.fr\/wp-content\/uploads\/2016\/11\/Villes-europeennes-en-transition.pdf\" target=\"_blank\">\"Villes europ\u00e9ennes en transition\u201d<\/a>. Matin :<em> Visions urbaines de la transition \u00e9nerg\u00e9tique<\/em>. Apr\u00e8s-midi : <em>Visions urbaines des politiques de patrimonialisation <\/em>(Paris, 28 octobre 2016)<\/li>\r\n \t<li>Journ\u00e9e d\u2019\u00e9tudes <a href=\"http:\/\/societesplurielles.fr\/les-villes-deurope-centrale-et-orientale-sur-la-longue-duree\/\">\u00ab\u00a0Les villes d\u2019Europe centrale et orientale sur la longue dur\u00e9e : Formes de la pluralit\u00e9, enjeux de l\u2019europ\u00e9anisation\u00a0\u00bb<\/a> (Paris, 26 novembre 2015)<\/li>\r\n<\/ul>\r\n<h4><span style=\"color: #3366ff;\">Paysages linguistiques<\/span><\/h4>\r\nAvec Florence Mourlhon-Dallies (Universit\u00e9 Paris Descartes, EDA)\r\n\r\nCe sous-projet, initi\u00e9 en 2014 en collaboration avec l\u2019universit\u00e9 du Luxembourg et les \u00e9tudiants de deux masters (Signes, Discours, Monde Contemporain, pour Paris Descartes et Multicultural Learning, au Luxembourg) \u00e9tudie le d\u00e9ploiement des langues dans l'espace urbain. La prochaine \u00e9tape serait l\u2019\u00e9tude des paysages linguistiques \u00e0 Sarajevo.\r\n<ul>\r\n \t<li>\u00ab\u00a0<em>Linguistic Landscape\/s <\/em>:\u00a0 quels ancrages disciplinaires dans les univers de recherche anglophone et francophone ?\u00a0\u00bb, Communication de F. Mourlhon-Dallies et de I. Saint-Georges au colloque\u00a0 international <em>Les d\u00e9signations disciplinaires et leurs contenus\u00a0: le paradigme des Studies<\/em> (Universit\u00e9 Paris 13,\u00a0 19 janvier 2017).<\/li>\r\n \t<li>En savoir plus \u00a0<a href=\"http:\/\/societesplurielles.fr\/wp-content\/uploads\/2016\/09\/D%C3%A9ploiement-des-langues-dans-lespace-public-F.Mourlhon-Dallies.docx\">\"D\u00e9ploiement des langues dans l'espace public\"<\/a><\/li>\r\n<\/ul>\r\n<h4><span style=\"color: #3366ff;\">Observatoire interactif des mobilit\u00e9s et vuln\u00e9rabilit\u00e9s (OIMV)<\/span><\/h4>\r\nAvec\u00a0Liliane Crips (ICT, Universit\u00e9 Paris Diderot), Patrick Renaud (RFC, Universit\u00e9 Sorbonne Nouvelle - Paris 3), Alain P\u00e9lissier (\u00c9cole Nationale Sup\u00e9rieure d\u2019Architecture Paris Val de Seine), Myrielle Hammer (\u00c9cole Nationale d'architecture de Paris Val de Seine), Thierry Arnold (Association des Cit\u00e9s du Secours Catholique), Andrea Grecu (Univ. Bucarest), Iwona Piechnik (Univ. Cracovie), Attila Papp et Ivan Bajomi (Univ. Budapest).\r\n\r\nO.I.M.V. est un projet\u00a0de mise en place de dispositifs d\u2019observation, d\u2019analyse, de description et d\u2019archivage de pratiques sociales (de la rencontre entre inconnus \u00e0 la participation plurielle) entre\u00a0des personnes en d\u00e9rive, participant de la perte d\u2019autonomie sociale (par pr\u00e9carit\u00e9 de toute origine\u00a0: ch\u00f4mage, rupture familiale, perte de domicile, migration, demande d\u2019asile, \u00ab\u00a0aphasie\u00a0\u00bb transitoire, etc.), des personnes autonomes, acteurs dans leur soci\u00e9t\u00e9, membres d\u2019institutions, associations, collectifs d\u2019accueil ou de rejet, dans l\u2019espace de leur ville, quartier, arrondissement ou autre espace public .\r\n\r\nIl s\u2019agit d\u2019un projet de recherche interdisciplinaire (sciences du langage, sociologie, architecture urbaine, g\u00e9ographie, \u00e9conomie, histoire, litt\u00e9rature, anthropologie) sur la diversit\u00e9 des ressources offertes et des obstacles oppos\u00e9s par les membres d\u2019un \u00ab\u00a0in-group\u00a0\u00bb urbain autochtone aux membres d\u2019 \u00ab\u00a0out-groups\u00a0\u00bb per\u00e7us comme d\u00e9figurant la ville par l\u2019usage d\u00e9gradant qu\u2019ils en font. Les membres de ce projet se proposent\u00a0de suivre, pas \u00e0 pas, l\u2019\u00e9laboration et le partage de sens pr\u00e9sidant \u00e0 la mise en \u0153uvre et au d\u00e9veloppement de solutions pouvant conduire \u00e0 la reconstruction de son autonomie sociale chez l\u2019exclu, dans une participation plurielle entre membres de l\u2019un et l\u2019autre groupes.\r\n<ul>\r\n \t<li>Atelier de travail de l'OIMV \u00e0 Budapest (11-13 mai 2017)<\/li>\r\n \t<li>Colloque <a href=\"http:\/\/societesplurielles.fr\/roms-migrants\/\">\u00ab<\/a><a href=\"http:\/\/societesplurielles.fr\/migrants-en-ville-entre-situation-dexclusion-et-strategie-dinsertion\/\" target=\"_blank\">Exil\u00e9s-R\u00e9fugi\u00e9s-Migrants en ville. Formes d'exclusion et strat\u00e9gies d'insertion (Europe, 1945-2016)<\/a><a href=\"http:\/\/societesplurielles.fr\/roms-migrants\/\">\u00bb<\/a> (8 et 9 d\u00e9cembre 2016)<\/li>\r\n \t<li>Journ\u00e9e d\u2019\u00e9tude <a href=\"http:\/\/societesplurielles.fr\/roms-migrants\/\">\u00ab\u00a0Roms migrants : politiques, ressources et pratiques d\u2019insertion en Seine-Saint-Denis\u00a0\u00bb<\/a> (17 octobre 2015)<\/li>\r\n<\/ul>\r\n<h4><span style=\"color: #3366ff;\">Manufacture coop\u00e9rative (MANUCOOP)\r\n<\/span><\/h4>\r\nAvec Petia Koleva (Universit\u00e9 Paris Diderot, LADYSS), Yorgos Rizopoulos (Universit\u00e9 Paris Diderot, LADYSS), Pascal Grouiez, (Universit\u00e9 Paris Diderot, LADYSS), Eric Magnin (Universit\u00e9 Paris Diderot, LADYSS), Violaine Delteil, (Universit\u00e9 Sorbonne Nouvelle Paris 3, ICEE).\r\n\r\nDepuis les ann\u00e9es 1980, l\u2019h\u00e9g\u00e9monie de la finance puis l\u2019effondrement des \u00e9conomies planifi\u00e9es ont \u00e9rig\u00e9 le march\u00e9 comme m\u00e9canisme central de r\u00e9gulation des crises \u00e9conomiques. Une vision alternative, tourn\u00e9e vers les autres sciences sociales, permet de consid\u00e9rer l\u2019\u00e9conomie comme une sph\u00e8re \u00ab\u00a0encastr\u00e9e\u00a0\u00bb dans le reste de la soci\u00e9t\u00e9. Il s\u2019agit de d\u00e9montrer qu\u2019il n\u2019existe pas une one best way d\u2019innovation sociale face aux crises, ni un seul assemblage de modes de coordination entre l\u2019Etat, le syst\u00e8me productif et financier et les individus.\u00a0Ce sous-projet interroge\u00a0les enjeux soulev\u00e9s par les coop\u00e9ratives et l'\u00e9mergence de nouvelles formes d'entreprendre qui prennent notamment appui sur des types renouvel\u00e9s de mobilisation citoyenne. Cliquez sur ce lien pour plus d'informations: <a href=\"http:\/\/societesplurielles.fr\/wp-content\/uploads\/2017\/10\/Brochure-Manucoop-OKweb.pdf\">Brochure-Manucoop<\/a>\r\n<ul>\r\n \t<li>Universit\u00e9 \u00e9ph\u00e9m\u00e8re<a href=\"http:\/\/manufacture.coop\/save-the-date-universite-ephemere%E2%8E%AA11-et-12-octobre-2017%E2%8E%AAparis\/\" target=\"_blank\"> \"Qualit\u00e9 de vie au travail, Innovation manag\u00e9riale et Coop\u00e9ration\"<\/a> (Paris, 11-12 octobre 2017)<\/li>\r\n \t<li>Actualit\u00e9s de Manucoop dans <a href=\"http:\/\/societesplurielles.fr\/wp-content\/uploads\/2017\/10\/20170928_144931-1.jpg\" target=\"_blank\">ValeursMutualistes, n\u00b0308, Septembre 2017<\/a><\/li>\r\n \t<li>S\u00e9minaire <a href=\"http:\/\/societesplurielles.fr\/mutuelles-de-travail-travail-en-communs-regards-croises\/\" target=\"_blank\">\u00ab Mutuelles de travail \/ Travail des communs : regards crois\u00e9s\u00bb<\/a>, (Paris, 11 mai 2017)<\/li>\r\n \t<li>Atelier de recherche <a href=\"http:\/\/societesplurielles.fr\/associer-recherche-et-action-travail-autonome\/\" target=\"_blank\">\u201cAssocier Recherche et Action \u00e0 propos des nouvelles formes de travail autonome\u201d<\/a>, Universit\u00e9 d'\u00e9t\u00e9 \"Les nouvelles figures du social\" (Paris, 4-8 juillet 2016)<\/li>\r\n \t<li>S\u00e9minaire annuel <a href=\"http:\/\/societesplurielles.fr\/wp-content\/uploads\/2016\/06\/S\u00e9minaire-\u00e9conomies-socialistes.pdf\" target=\"_blank\">\u00ab\u00a0Exp\u00e9riences des \u00e9conomies socialistes\u00a0\u00bb<\/a> (2016-2017)<\/li>\r\n \t<li>Colloque\u00a0<a href=\"http:\/\/societesplurielles.fr\/agir-cooperatif-egalite-pouvoir\/\">\u00ab\u00a0Agir coop\u00e9ratif, \u00e9galit\u00e9, pouvoir : regards crois\u00e9s entre recherche et action sur \u00ab\u00a0ce\u00a0\u00bb qui permet la coop\u00e9ration\u00a0\u00bb<\/a> (Paris, 9 octobre 2015)<\/li>\r\n<\/ul>\r\n<h4><span style=\"color: #3366ff;\">Soci\u00e9t\u00e9s plurielles contemporaines<\/span><\/h4>\r\nAvec Judit Maar (Sorbonne Paris Nouvelle,\u00a0CIEH &amp; CIEFI)\r\n<ul>\r\n \t<li>Colloque <a href=\"http:\/\/societesplurielles.fr\/wp-content\/uploads\/2017\/05\/programme-pao.pdf\" target=\"_blank\">\u00abFronti\u00e8res et transferts culturels dans l\u2019espace euro-m\u00e9diterran\u00e9en. Dynamiques transfrontali\u00e8res des pratiques culturelles \u00e0 l\u2019\u00e9poque contemporaines\u00bb<\/a> (Paris, 26-27 octobre 2016)<strong>\r\n<\/strong><\/li>\r\n \t<li>Conf\u00e9rence <a href=\"http:\/\/societesplurielles.fr\/regards-sur-lespace-euro-mediterraneen\/\">\u00ab\u00a0Soci\u00e9t\u00e9s plurielles contemporaines : crises et transferts culturels.\u00a0Regards sur l\u2019espace euro-m\u00e9diterran\u00e9en \u00bb <\/a>(Paris, 6-7 novembre 2015)<\/li>\r\n<\/ul>\r\n<a href=\"http:\/\/societesplurielles.fr\/wp-content\/uploads\/2016\/06\/Bibliographie-SP.pdf\" target=\"_blank\"><strong><img class=\"alignleft size-full wp-image-366\" src=\"http:\/\/societesplurielles.fr\/wp-content\/uploads\/2016\/05\/pdf-icon-e1466586473744.png\" alt=\"pdf-icone\" width=\"48\" height=\"48\" \/> Consultez la bibliographie de Soci\u00e9t\u00e9s plurielles<\/strong><\/a>","_fr_post_name":"la-pluralite-a-lepreuve-des-crises-et-des-conflits","_fr_post_excerpt":"","_fr_post_title":"CIT\u00c9: Coh\u00e9sion et Identit\u00e9s dans les Territoires europ\u00e9ens","_en_post_content":"<p style=\"padding-left: 30px;\"><strong>Researchers in charge of the project: Gilles Lepesant (Sciences Po, G\u00e9ographie-Cit\u00e9s) and Florence Mourlhon-Dallies (Universit\u00e9 Paris Descartes, EDA)<\/strong><\/p>\r\nEuropean cities are faced with new forms of mobility, development, and heritage and urban management that challenge their relationships with themselves, Europe and the rest of the world.\r\n\r\nThe CIT\u00c9 group favours qualitative processes focusing on the interdisciplinary study of the modes of sharing and occupy urban territories, on both a concrete and symbolical level. At a time when European cities are facing new forms of mobility and development, which elicit both strategies of openness and welcome as well as closure, it would appear important to determine the exact process by which groups and sub-groups form or disband, invent or submit to models of presence and action in finite spaces. The group proposes, in particular, to analyse how the different actors from the territories studied define themselves in relation to the other actors \u2013 between stereotypes and self-reinvention.\r\n\r\nAgainst the background of the topics studied, the group will address the question as to whether European cities present approaches that are likely to give meaning to the notion of the \u2018European city\u2019 or whether they, conversely, adopt divergent trajectories that reflect the uncertainty surrounding the European project in its entirety.\r\n\r\nWith the \u2018plural\u2019 in mind, the researchers of the CIT\u00c9 project locate themselves at the crossroads of institutional modes of government (whether local, regional, European or global) and the terrain dynamics which create groupings, exclusions and recompositions. In this field of conflicting forces, economists, historians, geographers, linguists and civilizationalists re-examine the notions of cohesion and identity while prioritizing the urban territory as an object of study.\r\n<h2>Studies and associated events<\/h2>\r\n<h3>Studies on the Urban Territories and Cities of Europe (ETUVE)<\/h3>\r\nWith\u00a0Gilles Lepesant (Sciences Po, G\u00e9ographie-Cit\u00e9s), Alain P\u00e9lissier (\u00c9cole Nationale Sup\u00e9rieure d\u2019Architecture Paris Val de Seine), Marie-Louise Pelus-Kaplan (Universit\u00e9 Paris Diderot, ICT), Dominique Rivi\u00e8re (Universit\u00e9 Paris Diderot, G\u00e9ographie-Cit\u00e9s).\r\n<ul>\r\n \t<li>Workshop \u00ab\u00a0<a href=\"http:\/\/societesplurielles.fr\/en\/villes-europeennes-en-transition\/\">Villes europ\u00e9ennes en transition<\/a> \u00bb. <em>Visions urbaines de la transition \u00e9nerg\u00e9tique \/ Visions urbaines des politiques de patrimonialisation<\/em> (Paris, October 28, 2016)<\/li>\r\n \t<li>Workshop \u00ab\u00a0<a href=\"http:\/\/societesplurielles.fr\/en\/les-villes-deurope-centrale-et-orientale-sur-la-longue-duree\/\">Les villes d\u2019Europe centrale et orientale sur la longue dur\u00e9e : Formes de la pluralit\u00e9, enjeux de l\u2019europ\u00e9anisation<\/a>\u00a0\u00bb (Paris, November 26, 2015)<\/li>\r\n<\/ul>\r\n<h3>Linguistic Landscapes<\/h3>\r\nWith Florence Mourlhon-Dallies (Universit\u00e9 Paris Descartes, EDA)\r\n\r\nThis sub-project, which was initiated in 2014 in collaboration with the University of Luxemburg and the students on two masters courses (<em>Signes, Discours, Monde Contemporain<\/em> at Paris Descartes and <em>Multicultural Learning<\/em> at the Luxembourg) studies the use of languages in the urban space. The next stage of the project will focus on linguistic landscapes in Sarajevo.\r\n<ul>\r\n \t<li>\u00ab\u00a0<em>Linguistic Landscape\/s<\/em>\u00a0:\u00a0quels ancrages disciplinaires dans les univers de recherche anglophone et francophone ?\u00a0\u00bb, ( F. Mourlhon-Dallies and I. Saint-Georges papers) Conference <em>Les d\u00e9signations disciplinaires et leurs contenus\u00a0: le paradigme des Studies<\/em> (Universit\u00e9 Paris January 13-19 janvier, 2017).<\/li>\r\n \t<li>For more information click here \u00a0\u00ab\u00a0<a href=\"http:\/\/societesplurielles.fr\/wp-content\/uploads\/2016\/09\/D%C3%A9ploiement-des-langues-dans-lespace-public-F.Mourlhon-Dallies.docx\">D\u00e9ploiement des langues dans l\u2019espace public<\/a>\u00a0\u00bb<\/li>\r\n<\/ul>\r\n<h3>Interactive Observatory of Mobilities and Vulnerabilities (OIMV)<\/h3>\r\nWith Liliane Crips (ICT, Universit\u00e9 Paris Diderot), Patrick Renaud (RFC, Universit\u00e9 Sorbonne Nouvelle \u2013 Paris 3), Alain P\u00e9lissier (\u00c9cole Nationale Sup\u00e9rieure d\u2019Architecture Paris Val de Seine), Myrielle Hammer (\u00c9cole Nationale d\u2019architecture de Paris Val de Seine), Thierry Arnold (Association des Cit\u00e9s du Secours Catholique), Andrea Grecu (Univ. Bucarest), Iwona Piechnik (Univ. Cracovie), Attila Papp and Ivan Bajomi (Univ. Budapest).\r\nThe OIMV project involves the provision of tools for the observation, analysis, description and archiving of social practices (ranging from encounters between strangers to plural participation) between persons who are \u2018adrift\u2019, affected by the loss of social autonomy (as a result of all kinds of precarity: unemployment, family breakdown, homelessness, migration, asylum seeking, transitory \u2018aphasia\u2019 etc.), autonomous persons, actors in their societies, members of institutions, associations, welcoming or rejecting groups, in their urban space, neighbourhood, district or other public space.\r\nOIMV is an interdisciplinary research project (linguistics, sociology, urban architecture, geography, economics, history, literature, anthropology) on the diversity of the resources on offer and the obstacles placed by the members of an indigenous urban \u2018in\u2019 group in the path of the members of the \u2018out\u2019 groups who are perceived as disfiguring the city through their damaging use of it. The members of this project undertake to track the development and sharing of meaning governing the implementation and development of solutions that could lead to the reconstruction of the social autonomy of the excluded with a plural participation between members of one group and the others.\r\n<ul>\r\n \t<li>Workshop in Budapest (May 11-13, 2017)<\/li>\r\n \t<li>Conference \u00ab<a href=\"http:\/\/societesplurielles.fr\/en\/migrants-en-ville-entre-situation-dexclusion-et-strategie-dinsertion\/\">Exil\u00e9s-R\u00e9fugi\u00e9s-Migrants en ville. Formes d\u2019exclusion et strat\u00e9gies d\u2019insertion (Europe, 1945-2016)<\/a>\u00bb\u00a0(December 8-9, 2016)<\/li>\r\n \t<li>Workshop \u00ab\u00a0<a href=\"http:\/\/societesplurielles.fr\/en\/roms-migrants\/\">Roms migrants : politiques, ressources et pratiques d\u2019insertion en Seine-Saint-Denis<\/a>\u00a0\u00bb\u00a0(October 17, 2015)<\/li>\r\n<\/ul>\r\n<h3>Cooperative Manufacture (MANUCOOP)<\/h3>\r\nWith Petia Koleva (Universit\u00e9 Paris Diderot, LADYSS), Yorgos Rizopoulos (Universit\u00e9 Paris Diderot, LADYSS), Pascal Grouiez, (Universit\u00e9 Paris Diderot, LADYSS), Eric Magnin (Universit\u00e9 Paris Diderot, LADYSS), Violaine Delteil, (Universit\u00e9 Sorbonne Nouvelle Paris 3, ICEE).\r\n\r\nFrom the 1980s, the hegemony of finance and the collapse of planned economies established the market as a central mechanism for the regulation of economic crises. An alternative vision with a greater focus on the other social sciences allows the consideration of the economy as a sphere that is \u2018embedded\u2019 in the rest of society. What is involved here is demonstrating that there is not one \u2018best\u2019 kind of social innovation in the face of crises nor one set of modes of coordination between the state, the production and financial systems, and individuals. This sub-project investigates the challenges created by cooperatives and the emergence of new forms of entrepreneurship which build on renewed types of citizen mobilization in particular.\r\n<ul>\r\n \t<li>Seminar \u00ab <a href=\"http:\/\/societesplurielles.fr\/en\/mutuelles-de-travail-travail-en-communs-regards-croises\/\">Mutuelles de travail \/ Travail des communs : regards crois\u00e9s<\/a>\u00bb, (Paris, May 11, 2017)<\/li>\r\n \t<li>Workshop \u201c<a href=\"http:\/\/societesplurielles.fr\/en\/associer-recherche-et-action-travail-autonome\/\">Associer Recherche et Action \u00e0 propos des nouvelles formes de travail autonome<\/a>\u201d, Universit\u00e9 d\u2019\u00e9t\u00e9 \u00ab\u00a0Les nouvelles figures du social\u00a0\u00bb (Paris, July 4-8, 2016)<\/li>\r\n \t<li>Seminar <a href=\"http:\/\/societesplurielles.fr\/wp-content\/uploads\/2016\/06\/S\u00e9minaire-\u00e9conomies-socialistes.pdf\" target=\"_blank\">\u00ab Exp\u00e9riences des \u00e9conomies socialistes \u00bb<\/a>\u00a0(2016-2017)<\/li>\r\n \t<li>Conference \u00ab\u00a0<a href=\"http:\/\/societesplurielles.fr\/en\/agir-cooperatif-egalite-pouvoir\/\">Agir coop\u00e9ratif, \u00e9galit\u00e9, pouvoir : regards crois\u00e9s entre recherche et action sur \u00ab\u00a0ce\u00a0\u00bb qui permet la coop\u00e9ration<\/a>\u00a0\u00bb\u00a0(Paris, October 9, 2015)<\/li>\r\n<\/ul>\r\n<h3>Contemporary plural societies<\/h3>\r\nWith Judit Maar (Sorbonne Paris Nouvelle,\u00a0CIEH &amp; CIEFI)\r\n<ul>\r\n \t<li>Conference \u00ab<a href=\"http:\/\/societesplurielles.fr\/en\/frontieres-et-transferts-culturels\/\">Fronti\u00e8res et transferts culturels dans l\u2019espace euro-m\u00e9diterran\u00e9en. Dynamiques transfrontali\u00e8res des pratiques culturelles \u00e0 l\u2019\u00e9poque contemporaines<\/a>\u00bb (Paris, October 26-27, 2016)<\/li>\r\n \t<li>Conference \u00ab\u00a0<a href=\"http:\/\/societesplurielles.fr\/en\/regards-sur-lespace-euro-mediterraneen\/\">Soci\u00e9t\u00e9s plurielles contemporaines : crises et transferts culturels.\u00a0Regards sur l\u2019espace euro-m\u00e9diterran\u00e9en<\/a> \u00bb (Paris, Novembre 6-7, 2015)<\/li>\r\n<\/ul>","_en_post_name":"cite-cohesion-and-identities-in-the-territories-of-europe","_en_post_excerpt":"","_en_post_title":"CIT\u00c9: Cohesion and Identities in the Territories of Europe","edit_language":"fr","footnotes":""},"class_list":["post-66","page","type-page","status-publish","has-post-thumbnail","hentry"],"_links":{"self":[{"href":"https:\/\/societesplurielles.fr\/fr\/wp-json\/wp\/v2\/pages\/66","targetHints":{"allow":["GET"]}}],"collection":[{"href":"https:\/\/societesplurielles.fr\/fr\/wp-json\/wp\/v2\/pages"}],"about":[{"href":"https:\/\/societesplurielles.fr\/fr\/wp-json\/wp\/v2\/types\/page"}],"author":[{"embeddable":true,"href":"https:\/\/societesplurielles.fr\/fr\/wp-json\/wp\/v2\/users\/1"}],"replies":[{"embeddable":true,"href":"https:\/\/societesplurielles.fr\/fr\/wp-json\/wp\/v2\/comments?post=66"}],"version-history":[{"count":53,"href":"https:\/\/societesplurielles.fr\/fr\/wp-json\/wp\/v2\/pages\/66\/revisions"}],"predecessor-version":[{"id":1530,"href":"https:\/\/societesplurielles.fr\/fr\/wp-json\/wp\/v2\/pages\/66\/revisions\/1530"}],"up":[{"embeddable":true,"href":"https:\/\/societesplurielles.fr\/fr\/wp-json\/wp\/v2\/pages\/83"}],"wp:featuredmedia":[{"embeddable":true,"href":"https:\/\/societesplurielles.fr\/fr\/wp-json\/wp\/v2\/media\/558"}],"wp:attachment":[{"href":"https:\/\/societesplurielles.fr\/fr\/wp-json\/wp\/v2\/media?parent=66"}],"curies":[{"name":"wp","href":"https:\/\/api.w.org\/{rel}","templated":true}]}}