{"id":699,"date":"2016-06-13T14:54:39","date_gmt":"2016-06-13T12:54:39","guid":{"rendered":"http:\/\/sp.e-morin.com\/?page_id=699"},"modified":"2025-01-14T16:43:18","modified_gmt":"2025-01-14T15:43:18","slug":"accueil","status":"publish","type":"page","link":"https:\/\/societesplurielles.fr\/fr\/","title":{"rendered":"Revue \u00ab\u00a0Soci\u00e9t\u00e9s plurielles\u00a0\u00bb"},"content":{"rendered":"<blockquote><p><strong><em>Marie-Louise Pelus-Kaplan (1945-2024)<\/em><\/strong><\/p>\n<p><strong><em>Le comit\u00e9 de r\u00e9daction de la revue\u00a0<\/em>Soci\u00e9t\u00e9s plurielles<em> a le regret de faire part du d\u00e9c\u00e8s de Marie-Louise Pelus Kaplan, historienne et germaniste, ancienne professeure \u00e0 l&rsquo;Universit\u00e9 Paris Diderot, survenu le 17 f\u00e9vrier 2024.<\/em><\/strong><\/p>\n<p><strong><em>Historienne sp\u00e9cialiste du commerce en Europe du Nord, dans les deux derni\u00e8res d\u00e9cennies, elle a appuy\u00e9 et anim\u00e9 des r\u00e9seaux de recherche portant sur les migrations, la repr\u00e9sentation des \u00e9trangers et la citoyennet\u00e9 dans la mondialisation, dans un esprit d&rsquo;ouverture exemplaire, interdisciplinaire et f\u00e9d\u00e9rateur.<\/em><\/strong><\/p>\n<p><strong><em>Marie-Louise Pelus-Kaplan a contribu\u00e9 \u00e0 la cr\u00e9ation et \u00e0 l&rsquo;animation de la revue <\/em>Soci\u00e9t\u00e9s plurielles<em>, en tant que membre du comit\u00e9 de r\u00e9daction et force de proposition infatigable.<\/em><\/strong><\/p><\/blockquote>\n<h4><\/h4>\n<h4><span style=\"color: #3366ff;\">Actualit\u00e9s de la revue<\/span><\/h4>\n<p>Vous pouvez retrouver les num\u00e9ros de la revue <em>Soci\u00e9t\u00e9s plurielles<\/em> sur la plateforme\u00a0<a href=\"https:\/\/societes-plurielles.episciences.org\" target=\"_blank\" rel=\"noopener\">Episcience.org<\/a><\/p>\n<p><a href=\"https:\/\/societesplurielles.fr\/fr\/appel-a-contributions\/\" target=\"_blank\" rel=\"noopener\">Appel \u00e0 contribution permanent : Lectures crois\u00e9es, Comptes rendus, R\u00e9sum\u00e9s de th\u00e8se<\/a><\/p>\n<h4><span style=\"color: #3366ff;\"><strong>Ligne \u00e9ditoriale de la revue<\/strong><\/span><\/h4>\n<p><a href=\"https:\/\/societesplurielles.fr\/fr\/publications\/revue-societes-plurielles\/\">Voir la ligne \u00e9ditoriale de la revue<\/a><\/p>\n<h4><span style=\"color: #3366ff;\"><strong>Direction de publication<\/strong><\/span><\/h4>\n<p>Madalina V\u00e2rtejanu-Joubert (INALCO)<\/p>\n<h4><span style=\"color: #3366ff;\"><strong>Comit\u00e9 de r\u00e9daction<\/strong><\/span><\/h4>\n<p>Delphine All\u00e8s (INALCO), Liliane Crips (Universit\u00e9 de Paris), Christophe Darmangeat (Universit\u00e9 de Paris), Damiano De Facci (LADYSS\/CESSMA), Pilar Gonzalez Bernaldo de Quiros (Universit\u00e9 de Paris), \u00c9ric Magnin (Universit\u00e9 de Paris), Delphine Pag\u00e8s-El Karoui (INALCO), Marie-Louise Pelus-Kaplan (Universit\u00e9 de Paris), Patrick Renaud (Universit\u00e9 Sorbonne Nouvelle \u2013 Paris 3), Thomas Szende (INALCO).<\/p>\n<h4><span style=\"color: #3366ff;\">Comit\u00e9 scientifique<\/span><\/h4>\n<p>Myriam Ababsa (IFPO\/Amman), Russell Belk (Universit\u00e9 de Toronto), Peter Blumenthal (Universit\u00e9 de K\u00f6ln), Hassen Boubakri (Universit\u00e9 de Sousse), Bernard Chavance (Universit\u00e9 de Paris), \u00c9lisabeth Cunin (IRD), Han Entzinger (Universit\u00e9 de Rotterdam), Florence Gauthier (Universit\u00e9 de Paris), Jean-Jacques Glassner (HAROC\/CNRS), David Inglis (University of Exeter), Tally Katz-Gerro (Universit\u00e9 de Haifa), Justin Kissangoula (Universit\u00e9 de Paris), Yves-\u00c9douard Le Bos (Universit\u00e9 Sorbonne Nouvelle \u2013 Paris 3), Liliane Louvel (Universit\u00e9 de Poitiers), Maren M\u00f6hring (Universit\u00e9 de Leipzig), Lorenza Mondada (Universit\u00e9 de B\u00e2le), Nikolay Nenovsky (Universit\u00e9 Picardie Jules Verne), Massimo Pendenza (Universit\u00e9 de Salerne), Victor Pich\u00e9 (Universit\u00e9 de Mc Gill), Iwona Piechnik (Universit\u00e9 de Cracovie), Viviane Riegel (ESPM de Sao Paulo), David Rosenberg (Universit\u00e9 de Pittsburgh), Maciej Serwanski (Universit\u00e9 de Poznan), Emmanuel Vernadakis (Universit\u00e9 d\u2019Angers).<\/p>\n<p><strong><span style=\"color: #3366ff;\">Secr\u00e9tariat de r\u00e9daction<\/span><br \/>\n<\/strong><a href=\"mailto:programmesp@gmail.com\">programmesp@gmail.com<\/a><\/p>\n<p><strong><span style=\"color: #3366ff;\">Partenaire \u00e9ditorial<\/span><br \/>\n<\/strong>Presses de l\u2019INALCO<strong><br \/>\n<\/strong>2 rue de Lille 75007 Paris<\/p>\n<h1><\/h1>\n<h2><strong>Programme Soci\u00e9t\u00e9s plurielles (2014-2018)<\/strong><\/h2>\n<p>Le programme de recherche interdisciplinaire en sciences humaines et sociales Soci\u00e9t\u00e9s plurielles a pour objectif d\u2019<strong>analyser les d\u00e9fis de la diversit\u00e9<\/strong> lanc\u00e9s \u00e0 nos soci\u00e9t\u00e9s par l\u2019acc\u00e9l\u00e9ration des <strong>processus de mondialisation et de globalisation<\/strong>.<\/p>\n<p>Le programme Soci\u00e9t\u00e9s plurielles s\u2019est constitu\u00e9 au printemps 2014 autour d\u2019une r\u00e9flexion sur la notion et les manifestations concr\u00e8tes du pluriel. Il se conjugue autour de <strong>trois<\/strong> <strong>projets int\u00e9gr\u00e9s<\/strong>\u00a0:<\/p>\n<ul>\n<li><a href=\"http:\/\/societesplurielles.fr\/axes-de-recherche\/la-pluralite-a-lepreuve-des-crises-et-des-conflits\/\" target=\"_blank\" rel=\"noopener\">CITE: Coh\u00e9sion et Identit\u00e9 dans les Territoires europ\u00e9ens<\/a><\/li>\n<li><a href=\"http:\/\/societesplurielles.fr\/axes-de-recherche\/societes-plurielles-vies-au-singulier\/\" target=\"_blank\" rel=\"noopener\">Villes-mondes: approches compar\u00e9es du cosmopolitisme et des migrations<\/a><\/li>\n<li><a href=\"http:\/\/societesplurielles.fr\/axes-de-recherche\/politiques-acteurs-et-circulations-du-pluralisme\/\" target=\"_blank\" rel=\"noopener\">Circulations politiques, culturelles et religieuses<\/a><\/li>\n<\/ul>\n<p><a href=\"http:\/\/societesplurielles.fr\/demarche-scientifique\/la-creativite-de-linterdisciplinarite\/\"><strong>L\u2019interdisciplinarit\u00e9<\/strong><\/a>, le croisement d\u2019aires g\u00e9ographiques et culturelles vari\u00e9es ainsi que la <a href=\"http:\/\/societesplurielles.fr\/demarche-scientifique\/repenser-les-paradigmes\/\"><strong>r\u00e9flexion autour des paradigmes th\u00e9oriques de la pluralit\u00e9<\/strong><\/a> fondent les bases m\u00e9thodologiques de ce programme qui associent des chercheurs de <strong>six Universit\u00e9s<\/strong> d\u2019\u00cele-de-France et pr\u00e8s de <strong>vingt laboratoires<\/strong> de l\u2019Universit\u00e9 Sorbonne-Paris-Cit\u00e9.<\/p>\n<p>Les enseignants-chercheurs du programme Soci\u00e9t\u00e9s plurielles organisent des s\u00e9minaires mensuels, des journ\u00e9es d\u2019\u00e9tudes et des conf\u00e9rences internationales. Ils rendent \u00e9galement accessibles certains de leurs travaux sur ce site Internet et publient la revue en ligne <em>Soci\u00e9t\u00e9s plurielles<\/em> ouverte \u00e0 tous.<\/p>\n","protected":false},"excerpt":{"rendered":"<p>Marie-Louise Pelus-Kaplan (1945-2024) Le comit\u00e9 de r\u00e9daction de la revue\u00a0Soci\u00e9t\u00e9s plurielles a le regret de faire part du d\u00e9c\u00e8s de Marie-Louise Pelus Kaplan, historienne et germaniste, ancienne professeure \u00e0 l&rsquo;Universit\u00e9 Paris Diderot, survenu le 17 f\u00e9vrier 2024. Historienne sp\u00e9cialiste du commerce en Europe du Nord, dans les deux derni\u00e8res d\u00e9cennies, elle a appuy\u00e9 et anim\u00e9 [&hellip;]<\/p>\n","protected":false},"author":1,"featured_media":0,"parent":0,"menu_order":0,"comment_status":"closed","ping_status":"closed","template":"","meta":{"_fr_post_content":"<blockquote><strong><em>Marie-Louise Pelus-Kaplan (1945-2024)<\/em><\/strong>\n\n<strong><em>Le comit\u00e9 de r\u00e9daction de la revue\u00a0<\/em>Soci\u00e9t\u00e9s plurielles<em> a le regret de faire part du d\u00e9c\u00e8s de Marie-Louise Pelus Kaplan, historienne et germaniste, ancienne professeure \u00e0 l'Universit\u00e9 Paris Diderot, survenu le 17 f\u00e9vrier 2024.<\/em><\/strong>\n\n<strong><em>Historienne sp\u00e9cialiste du commerce en Europe du Nord, dans les deux derni\u00e8res d\u00e9cennies, elle a appuy\u00e9 et anim\u00e9 des r\u00e9seaux de recherche portant sur les migrations, la repr\u00e9sentation des \u00e9trangers et la citoyennet\u00e9 dans la mondialisation, dans un esprit d'ouverture exemplaire, interdisciplinaire et f\u00e9d\u00e9rateur.<\/em><\/strong>\n\n<strong><em>Marie-Louise Pelus-Kaplan a contribu\u00e9 \u00e0 la cr\u00e9ation et \u00e0 l'animation de la revue <\/em>Soci\u00e9t\u00e9s plurielles<em>, en tant que membre du comit\u00e9 de r\u00e9daction et force de proposition infatigable.<\/em><\/strong><\/blockquote>\n<h4><\/h4>\n<h4><span style=\"color: #3366ff;\">Actualit\u00e9s de la revue<\/span><\/h4>\nVous pouvez retrouver les num\u00e9ros de la revue <em>Soci\u00e9t\u00e9s plurielles<\/em> sur la plateforme\u00a0<a href=\"https:\/\/societes-plurielles.episciences.org\" target=\"_blank\" rel=\"noopener\">Episcience.org<\/a>\n\n<a href=\"https:\/\/societesplurielles.fr\/fr\/appel-a-contributions\/\" target=\"_blank\" rel=\"noopener\">Appel \u00e0 contribution permanent : Lectures crois\u00e9es, Comptes rendus, R\u00e9sum\u00e9s de th\u00e8se<\/a>\n<h4><span style=\"color: #3366ff;\"><strong>Ligne \u00e9ditoriale de la revue<\/strong><\/span><\/h4>\n<a href=\"https:\/\/societesplurielles.fr\/fr\/publications\/revue-societes-plurielles\/\">Voir la ligne \u00e9ditoriale de la revue<\/a>\n<h4><span style=\"color: #3366ff;\"><strong>Direction de publication<\/strong><\/span><\/h4>\nMadalina V\u00e2rtejanu-Joubert (INALCO)\n<h4><span style=\"color: #3366ff;\"><strong>Comit\u00e9 de r\u00e9daction<\/strong><\/span><\/h4>\nDelphine All\u00e8s (INALCO), Liliane Crips (Universit\u00e9 de Paris), Christophe Darmangeat (Universit\u00e9 de Paris), Damiano De Facci (LADYSS\/CESSMA), Pilar Gonzalez Bernaldo de Quiros (Universit\u00e9 de Paris), \u00c9ric Magnin (Universit\u00e9 de Paris), Delphine Pag\u00e8s-El Karoui (INALCO), Marie-Louise Pelus-Kaplan (Universit\u00e9 de Paris), Patrick Renaud (Universit\u00e9 Sorbonne Nouvelle \u2013 Paris 3), Thomas Szende (INALCO).\n<h4><span style=\"color: #3366ff;\">Comit\u00e9 scientifique<\/span><\/h4>\nMyriam Ababsa (IFPO\/Amman), Russell Belk (Universit\u00e9 de Toronto), Peter Blumenthal (Universit\u00e9 de K\u00f6ln), Hassen Boubakri (Universit\u00e9 de Sousse), Bernard Chavance (Universit\u00e9 de Paris), \u00c9lisabeth Cunin (IRD), Han Entzinger (Universit\u00e9 de Rotterdam), Florence Gauthier (Universit\u00e9 de Paris), Jean-Jacques Glassner (HAROC\/CNRS), David Inglis (University of Exeter), Tally Katz-Gerro (Universit\u00e9 de Haifa), Justin Kissangoula (Universit\u00e9 de Paris), Yves-\u00c9douard Le Bos (Universit\u00e9 Sorbonne Nouvelle \u2013 Paris 3), Liliane Louvel (Universit\u00e9 de Poitiers), Maren M\u00f6hring (Universit\u00e9 de Leipzig), Lorenza Mondada (Universit\u00e9 de B\u00e2le), Nikolay Nenovsky (Universit\u00e9 Picardie Jules Verne), Massimo Pendenza (Universit\u00e9 de Salerne), Victor Pich\u00e9 (Universit\u00e9 de Mc Gill), Iwona Piechnik (Universit\u00e9 de Cracovie), Viviane Riegel (ESPM de Sao Paulo), David Rosenberg (Universit\u00e9 de Pittsburgh), Maciej Serwanski (Universit\u00e9 de Poznan), Emmanuel Vernadakis (Universit\u00e9 d\u2019Angers).\n\n<strong><span style=\"color: #3366ff;\">Secr\u00e9tariat de r\u00e9daction<\/span>\n<\/strong><a href=\"mailto:programmesp@gmail.com\">programmesp@gmail.com<\/a>\n\n<strong><span style=\"color: #3366ff;\">Partenaire \u00e9ditorial<\/span>\n<\/strong>Presses de l\u2019INALCO<strong>\n<\/strong>2 rue de Lille 75007 Paris\n<h1><\/h1>\n<h2><strong>Programme Soci\u00e9t\u00e9s plurielles (2014-2018)<\/strong><\/h2>\nLe programme de recherche interdisciplinaire en sciences humaines et sociales Soci\u00e9t\u00e9s plurielles a pour objectif d\u2019<strong>analyser les d\u00e9fis de la diversit\u00e9<\/strong> lanc\u00e9s \u00e0 nos soci\u00e9t\u00e9s par l\u2019acc\u00e9l\u00e9ration des <strong>processus de mondialisation et de globalisation<\/strong>.\n\nLe programme Soci\u00e9t\u00e9s plurielles s\u2019est constitu\u00e9 au printemps 2014 autour d\u2019une r\u00e9flexion sur la notion et les manifestations concr\u00e8tes du pluriel. Il se conjugue autour de <strong>trois<\/strong> <strong>projets int\u00e9gr\u00e9s<\/strong>\u00a0:\n<ul>\n \t<li><a href=\"http:\/\/societesplurielles.fr\/axes-de-recherche\/la-pluralite-a-lepreuve-des-crises-et-des-conflits\/\" target=\"_blank\" rel=\"noopener\">CITE: Coh\u00e9sion et Identit\u00e9 dans les Territoires europ\u00e9ens<\/a><\/li>\n \t<li><a href=\"http:\/\/societesplurielles.fr\/axes-de-recherche\/societes-plurielles-vies-au-singulier\/\" target=\"_blank\" rel=\"noopener\">Villes-mondes: approches compar\u00e9es du cosmopolitisme et des migrations<\/a><\/li>\n \t<li><a href=\"http:\/\/societesplurielles.fr\/axes-de-recherche\/politiques-acteurs-et-circulations-du-pluralisme\/\" target=\"_blank\" rel=\"noopener\">Circulations politiques, culturelles et religieuses<\/a><\/li>\n<\/ul>\n<a href=\"http:\/\/societesplurielles.fr\/demarche-scientifique\/la-creativite-de-linterdisciplinarite\/\"><strong>L\u2019interdisciplinarit\u00e9<\/strong><\/a>, le croisement d\u2019aires g\u00e9ographiques et culturelles vari\u00e9es ainsi que la <a href=\"http:\/\/societesplurielles.fr\/demarche-scientifique\/repenser-les-paradigmes\/\"><strong>r\u00e9flexion autour des paradigmes th\u00e9oriques de la pluralit\u00e9<\/strong><\/a> fondent les bases m\u00e9thodologiques de ce programme qui associent des chercheurs de <strong>six Universit\u00e9s<\/strong> d\u2019\u00cele-de-France et pr\u00e8s de <strong>vingt laboratoires<\/strong> de l\u2019Universit\u00e9 Sorbonne-Paris-Cit\u00e9.\n\nLes enseignants-chercheurs du programme Soci\u00e9t\u00e9s plurielles organisent des s\u00e9minaires mensuels, des journ\u00e9es d\u2019\u00e9tudes et des conf\u00e9rences internationales. Ils rendent \u00e9galement accessibles certains de leurs travaux sur ce site Internet et publient la revue en ligne <em>Soci\u00e9t\u00e9s plurielles<\/em> ouverte \u00e0 tous.","_fr_post_name":"accueil","_fr_post_excerpt":"","_fr_post_title":"Revue \u00ab\u00a0Soci\u00e9t\u00e9s plurielles\u00a0\u00bb","_en_post_content":"<blockquote><em>The aim of the Soci\u00e9t\u00e9s plurielles humanities and social-science research programme is to <\/em><strong><em>analyze the challenges posed by the diversity<\/em><\/strong><em>\u00a0facing our societies as a result of the acceleration of\u00a0<\/em><strong><em>globalization processes<\/em><\/strong><em>.<\/em><\/blockquote>\r\nThe Plural Societies programme includes\u00a0<strong>three integrated projects<\/strong>:\r\n<ul>\r\n \t<li><a href=\"http:\/\/societesplurielles.fr\/axes-de-recherche\/la-pluralite-a-lepreuve-des-crises-et-des-conflits\/&quot; \\t &quot;_blank\">CITE: Coh<\/a><a href=\"http:\/\/societesplurielles.fr\/axes-de-recherche\/la-pluralite-a-lepreuve-des-crises-et-des-conflits\/&quot; \\t &quot;_blank\">e<\/a><a href=\"http:\/\/societesplurielles.fr\/axes-de-recherche\/la-pluralite-a-lepreuve-des-crises-et-des-conflits\/&quot; \\t &quot;_blank\">sion<\/a><a href=\"http:\/\/societesplurielles.fr\/axes-de-recherche\/la-pluralite-a-lepreuve-des-crises-et-des-conflits\/&quot; \\t &quot;_blank\"> and Identities in the Territories of Europe<\/a><\/li>\r\n \t<li><a href=\"http:\/\/societesplurielles.fr\/axes-de-recherche\/societes-plurielles-vies-au-singulier\/&quot; \\t &quot;_blank\">World-Cities<\/a><a href=\"http:\/\/societesplurielles.fr\/axes-de-recherche\/societes-plurielles-vies-au-singulier\/&quot; \\t &quot;_blank\">: <\/a><a href=\"http:\/\/societesplurielles.fr\/axes-de-recherche\/societes-plurielles-vies-au-singulier\/&quot; \\t &quot;_blank\">Comparative Approaches to Cosmopolitanism and Migration<\/a><\/li>\r\n \t<li><a href=\"http:\/\/societesplurielles.fr\/axes-de-recherche\/politiques-acteurs-et-circulations-du-pluralisme\/&quot; \\t &quot;_blank\">Political, Cultural and Religious Flow<\/a><a href=\"http:\/\/societesplurielles.fr\/axes-de-recherche\/politiques-acteurs-et-circulations-du-pluralisme\/&quot; \\t &quot;_blank\">s<\/a><\/li>\r\n<\/ul>\r\n<a href=\"http:\/\/societesplurielles.fr\/demarche-scientifique\/la-creativite-de-linterdisciplinarite\/\"><strong>Interdisciplinarity<\/strong><\/a>, the overlaps between different geographical and cultural areas, and\u00a0<a href=\"http:\/\/societesplurielles.fr\/demarche-scientifique\/repenser-les-paradigmes\/\"><strong>reflections on the theoretical paradigms of plurality <\/strong><\/a>form the methodological basis of the programme, which involves researchers from <strong>six universities<\/strong> in the \u00cele-de-France region and almost 20 research groups from the Universit\u00e9 Sorbonne-Paris-Cit\u00e9.\r\n\r\nThe teachers and researchers involved in the Plural Societies programme organize monthly seminars, one-day workshops and international conferences. They also provide online access to some of their research studies on this website and publish the open-access online journal <em>Soci\u00e9t\u00e9s plurielles<\/em>.","_en_post_name":"home","_en_post_excerpt":"","_en_post_title":"Home","edit_language":"fr","footnotes":""},"class_list":["post-699","page","type-page","status-publish","hentry"],"_links":{"self":[{"href":"https:\/\/societesplurielles.fr\/fr\/wp-json\/wp\/v2\/pages\/699","targetHints":{"allow":["GET"]}}],"collection":[{"href":"https:\/\/societesplurielles.fr\/fr\/wp-json\/wp\/v2\/pages"}],"about":[{"href":"https:\/\/societesplurielles.fr\/fr\/wp-json\/wp\/v2\/types\/page"}],"author":[{"embeddable":true,"href":"https:\/\/societesplurielles.fr\/fr\/wp-json\/wp\/v2\/users\/1"}],"replies":[{"embeddable":true,"href":"https:\/\/societesplurielles.fr\/fr\/wp-json\/wp\/v2\/comments?post=699"}],"version-history":[{"count":35,"href":"https:\/\/societesplurielles.fr\/fr\/wp-json\/wp\/v2\/pages\/699\/revisions"}],"predecessor-version":[{"id":1860,"href":"https:\/\/societesplurielles.fr\/fr\/wp-json\/wp\/v2\/pages\/699\/revisions\/1860"}],"wp:attachment":[{"href":"https:\/\/societesplurielles.fr\/fr\/wp-json\/wp\/v2\/media?parent=699"}],"curies":[{"name":"wp","href":"https:\/\/api.w.org\/{rel}","templated":true}]}}