{"id":79,"date":"2016-05-31T00:58:40","date_gmt":"2016-05-30T22:58:40","guid":{"rendered":"http:\/\/localhost\/www\/SP-dev\/?page_id=79"},"modified":"2017-09-15T15:25:58","modified_gmt":"2017-09-15T13:25:58","slug":"repenser-les-paradigmes","status":"publish","type":"page","link":"https:\/\/societesplurielles.fr\/fr\/demarche-scientifique\/repenser-les-paradigmes\/","title":{"rendered":"Repenser les paradigmes"},"content":{"rendered":"<p style=\"padding-left: 30px;\"><strong>Responsable : Madalina Vartejanu-Joubert (INALCO, CERMOM)<\/strong><\/p>\n<p>Ce projet offre un cadre \u00e0 des r\u00e9flexions d\u2019ordre th\u00e9orique \u2013 m\u00e9thodologiques, conceptuelles et historiographiques \u2013 portant sur la soci\u00e9t\u00e9 en g\u00e9n\u00e9ral et les manifestations sociales du pluriel en particulier. Il se nourrit d\u2019une part, des diff\u00e9rentes approches de terrain d\u00e9ploy\u00e9es au sein des axes et, d\u2019autre part, de l\u2019\u00e9tude frontale et comparatiste de concepts en circulation dans les sciences humaines et sociales.<\/p>\n<p>Plusieurs types de r\u00e9flexion seront men\u00e9s autour des paradigmes explicatifs ayant aujourd\u2019hui une circulation assez \u00e9tendue, comme ceux de multiculturalisme, cosmopolitisme ou diversit\u00e9. Les paradigmes de la mondialisation, de la globalisation et des modernit\u00e9s multiples, caract\u00e9risant le monde contemporain, seront mis en perspective avec les exp\u00e9riences pass\u00e9es de l\u2019humanit\u00e9<\/p>\n<p>Un nombre important de concepts anthropologiques, sociologiques ou historiques ont \u00e9t\u00e9 forg\u00e9s pour d\u00e9crire et expliquer les ph\u00e9nom\u00e8nes qui surgissent lorsque deux ou plusieurs cultures entrent en contact. Celles-ci empruntent, s\u2019hybrident, r\u00e9sistent ou s\u2019assimilent. Derri\u00e8re ces r\u00e9sultats observables et partiellement quantifiables, ce sont des processus de production de sens qui se mettent en place et ce sont eux qui nous int\u00e9ressent tout particuli\u00e8rement. Comment les soci\u00e9t\u00e9s cr\u00e9ent-elles du symbolique, dans quelles conditions et en appliquant quelles m\u00e9thodes ? Entre \u00ab\u00a0acculturation\u00a0\u00bb, \u00ab\u00a0bricolage\u00a0\u00bb et \u00ab\u00a0branchements\u00a0\u00bb, quelle grille de lecture devrait \u00eatre appliqu\u00e9e et \u00e0 quel contexte ?<\/p>\n<p>Les ruptures historiques \u2013 les \u00e9v\u00e9nements \u2013 dans la vie des soci\u00e9t\u00e9s plurielles feront elles-aussi l\u2019objet d\u2019une nouvelle r\u00e9flexion, une approche innovante s\u2019imposant dans l\u2019\u00e9valuation des cat\u00e9gories d\u2019\u00ab\u00a0avant\u00a0\u00bb et d\u2019\u00ab\u00a0apr\u00e8s\u00a0\u00bb. Le conflit et la r\u00e9silience, la crise et la sortie de crise, la r\u00e9volution et la post-r\u00e9volution : ce sont autant de faits dont la mod\u00e9lisation ob\u00e9it elle-aussi \u00e0 la logique de la pluralit\u00e9.<\/p>\n<h2>Manifestations scientifiques<\/h2>\n<ul>\n<li><span style=\"color: #ff0000;\"><strong>\u00c0 venir <\/strong><\/span>Colloque international \u00ab\u00a0Cosmopolitanism Revisited: Comparative Perspectives on Urban Diversity from the Gulf and Beyond\u00a0\u00bb, (Paris, 11-12 octobre 2017 )<\/li>\n<li>\u00ab\u00a0<em>Linguistic Landscape\/s <\/em>:\u00a0 quels ancrages disciplinaires dans les univers de recherche anglophone et francophone ?\u00a0\u00bb, Communication de F. Mourlhon-Dallies et de I. Saint-Georges au colloque\u00a0 international <em>Les d\u00e9signations disciplinaires et leurs contenus\u00a0: le paradigme des Studies<\/em> (Universit\u00e9 Paris 13,\u00a0 19 janvier 2017).<\/li>\n<li>Journ\u00e9e d&rsquo;\u00e9tude MAGMET<a href=\"http:\/\/societesplurielles.fr\/urban-cosmopolitanisms\/\" target=\"_blank\"> \u00ab\u00a0Urban cosmopolitanisms: methodological and theoretical issues\u00a0\u00bb<\/a> (Paris, 17 octobre 2016)<\/li>\n<li>Conf\u00e9rence \u00ab\u00a0<a href=\"http:\/\/societesplurielles.fr\/wp-content\/uploads\/2016\/06\/S.-N.-Eisenstadt-Affiche-V2.pdf\" target=\"_blank\">Legacies of Shmuel Noah Eisenstadt : from Philology to Sociology<\/a>\u00a0\u00bb (Paris, 26-27 janvier 2016)<\/li>\n<li>Colloque <a href=\"http:\/\/societesplurielles.fr\/cosmopolitisme-et-societes-plurielles\/\">\u00ab\u00a0Cosmopolitisme et soci\u00e9t\u00e9s plurielles\u00a0\u00bb<\/a>, organis\u00e9 par Vincenzo Cicchelli et Madalina Vartejanu-Joubert (Paris, 15-16 octobre 2015)<\/li>\n<li>Conf\u00e9rence \u00ab\u00a0<a href=\"http:\/\/societesplurielles.fr\/wp-content\/uploads\/2016\/06\/Affiche_Wieviorka.pdf\" target=\"_blank\">Le d\u00e9bat sur le multiculturalisme est-il clos ?<\/a>\u00a0\u00bb, avec Michel Wieviorka, FMSH (Paris, 2 mars 2015)<\/li>\n<\/ul>\n<pre><a href=\"http:\/\/societesplurielles.fr\/wp-content\/uploads\/2016\/06\/Bibliographie-SP.pdf\" target=\"_blank\"><strong><img loading=\"lazy\" decoding=\"async\" class=\"alignleft size-full wp-image-366\" src=\"http:\/\/societesplurielles.fr\/wp-content\/uploads\/2016\/05\/pdf-icon-e1466586473744.png\" alt=\"pdf-icone\" width=\"48\" height=\"48\" \/>\r\nConsultez la bibliographie de Soci\u00e9t\u00e9s plurielles<\/strong><\/a><\/pre>\n","protected":false},"excerpt":{"rendered":"<p>Responsable : Madalina Vartejanu-Joubert (INALCO, CERMOM) Ce projet offre un cadre \u00e0 des r\u00e9flexions d\u2019ordre th\u00e9orique \u2013 m\u00e9thodologiques, conceptuelles et historiographiques \u2013 portant sur la soci\u00e9t\u00e9 en g\u00e9n\u00e9ral et les manifestations sociales du pluriel en particulier. Il se nourrit d\u2019une part, des diff\u00e9rentes approches de terrain d\u00e9ploy\u00e9es au sein des axes et, d\u2019autre part, de [&hellip;]<\/p>\n","protected":false},"author":1,"featured_media":453,"parent":232,"menu_order":13,"comment_status":"closed","ping_status":"closed","template":"","meta":{"_fr_post_content":"<p style=\"padding-left: 30px;\"><strong>Responsable : Madalina Vartejanu-Joubert (INALCO, CERMOM)<\/strong><\/p>\r\nCe projet offre un cadre \u00e0 des r\u00e9flexions d\u2019ordre th\u00e9orique \u2013 m\u00e9thodologiques, conceptuelles et historiographiques \u2013 portant sur la soci\u00e9t\u00e9 en g\u00e9n\u00e9ral et les manifestations sociales du pluriel en particulier. Il se nourrit d\u2019une part, des diff\u00e9rentes approches de terrain d\u00e9ploy\u00e9es au sein des axes et, d\u2019autre part, de l\u2019\u00e9tude frontale et comparatiste de concepts en circulation dans les sciences humaines et sociales.\r\n\r\nPlusieurs types de r\u00e9flexion seront men\u00e9s autour des paradigmes explicatifs ayant aujourd\u2019hui une circulation assez \u00e9tendue, comme ceux de multiculturalisme, cosmopolitisme ou diversit\u00e9. Les paradigmes de la mondialisation, de la globalisation et des modernit\u00e9s multiples, caract\u00e9risant le monde contemporain, seront mis en perspective avec les exp\u00e9riences pass\u00e9es de l\u2019humanit\u00e9\r\n\r\nUn nombre important de concepts anthropologiques, sociologiques ou historiques ont \u00e9t\u00e9 forg\u00e9s pour d\u00e9crire et expliquer les ph\u00e9nom\u00e8nes qui surgissent lorsque deux ou plusieurs cultures entrent en contact. Celles-ci empruntent, s\u2019hybrident, r\u00e9sistent ou s\u2019assimilent. Derri\u00e8re ces r\u00e9sultats observables et partiellement quantifiables, ce sont des processus de production de sens qui se mettent en place et ce sont eux qui nous int\u00e9ressent tout particuli\u00e8rement. Comment les soci\u00e9t\u00e9s cr\u00e9ent-elles du symbolique, dans quelles conditions et en appliquant quelles m\u00e9thodes ? Entre \u00ab\u00a0acculturation\u00a0\u00bb, \u00ab\u00a0bricolage\u00a0\u00bb et \u00ab\u00a0branchements\u00a0\u00bb, quelle grille de lecture devrait \u00eatre appliqu\u00e9e et \u00e0 quel contexte ?\r\n\r\nLes ruptures historiques \u2013 les \u00e9v\u00e9nements \u2013 dans la vie des soci\u00e9t\u00e9s plurielles feront elles-aussi l\u2019objet d\u2019une nouvelle r\u00e9flexion, une approche innovante s\u2019imposant dans l\u2019\u00e9valuation des cat\u00e9gories d\u2019\u00ab\u00a0avant\u00a0\u00bb et d\u2019\u00ab\u00a0apr\u00e8s\u00a0\u00bb. Le conflit et la r\u00e9silience, la crise et la sortie de crise, la r\u00e9volution et la post-r\u00e9volution : ce sont autant de faits dont la mod\u00e9lisation ob\u00e9it elle-aussi \u00e0 la logique de la pluralit\u00e9.\r\n<h2>Manifestations scientifiques<\/h2>\r\n<ul>\r\n \t<li><span style=\"color: #ff0000;\"><strong>\u00c0 venir <\/strong><\/span>Colloque international \u00ab\u00a0Cosmopolitanism Revisited: Comparative Perspectives on Urban Diversity from the Gulf and Beyond\u00a0\u00bb, (Paris, 11-12 octobre 2017 )<\/li>\r\n \t<li>\u00ab\u00a0<em>Linguistic Landscape\/s <\/em>:\u00a0 quels ancrages disciplinaires dans les univers de recherche anglophone et francophone ?\u00a0\u00bb, Communication de F. Mourlhon-Dallies et de I. Saint-Georges au colloque\u00a0 international <em>Les d\u00e9signations disciplinaires et leurs contenus\u00a0: le paradigme des Studies<\/em> (Universit\u00e9 Paris 13,\u00a0 19 janvier 2017).<\/li>\r\n \t<li>Journ\u00e9e d'\u00e9tude MAGMET<a href=\"http:\/\/societesplurielles.fr\/urban-cosmopolitanisms\/\" target=\"_blank\"> \"Urban cosmopolitanisms: methodological and theoretical issues\"<\/a> (Paris, 17 octobre 2016)<\/li>\r\n \t<li>Conf\u00e9rence \u00ab\u00a0<a href=\"http:\/\/societesplurielles.fr\/wp-content\/uploads\/2016\/06\/S.-N.-Eisenstadt-Affiche-V2.pdf\" target=\"_blank\">Legacies of Shmuel Noah Eisenstadt : from Philology to Sociology<\/a>\u00a0\u00bb (Paris, 26-27 janvier 2016)<\/li>\r\n \t<li>Colloque <a href=\"http:\/\/societesplurielles.fr\/cosmopolitisme-et-societes-plurielles\/\">\u00ab\u00a0Cosmopolitisme et soci\u00e9t\u00e9s plurielles\u00a0\u00bb<\/a>, organis\u00e9 par Vincenzo Cicchelli et Madalina Vartejanu-Joubert (Paris, 15-16 octobre 2015)<\/li>\r\n \t<li>Conf\u00e9rence \u00ab\u00a0<a href=\"http:\/\/societesplurielles.fr\/wp-content\/uploads\/2016\/06\/Affiche_Wieviorka.pdf\" target=\"_blank\">Le d\u00e9bat sur le multiculturalisme est-il clos ?<\/a>\u00a0\u00bb, avec Michel Wieviorka, FMSH (Paris, 2 mars 2015)<\/li>\r\n<\/ul>\r\n<pre><a href=\"http:\/\/societesplurielles.fr\/wp-content\/uploads\/2016\/06\/Bibliographie-SP.pdf\" target=\"_blank\"><strong><img class=\"alignleft size-full wp-image-366\" src=\"http:\/\/societesplurielles.fr\/wp-content\/uploads\/2016\/05\/pdf-icon-e1466586473744.png\" alt=\"pdf-icone\" width=\"48\" height=\"48\" \/>\r\nConsultez la bibliographie de Soci\u00e9t\u00e9s plurielles<\/strong><\/a><\/pre>","_fr_post_name":"repenser-les-paradigmes","_fr_post_excerpt":"","_fr_post_title":"Repenser les paradigmes","_en_post_content":"This project provides a framework for theoretical reflection of a methodological, conceptual and historiographical nature and relates to society in general and the manifestations of the \u2018plural\u2019 in particular. It draws on the different field approaches deployed in the programme's areas of research, on the one hand, and on the frontal and comparative study of the concepts in vogue in the human and social sciences, on the other.\r\n\r\nSeveral types of reflection are engaged in around the explanatory paradigms that are common today, for example multiculturalism, cosmopolitanism and diversity. The paradigms of globalization and the multiple modernities that characterize the contemporary world are examined from the perspective of humanity\u2019s past experiences.\r\n\r\nA large number of anthropological, sociological and historical concepts have been developed to describe and explain the phenomena that arise when two or more cultures come into contact with each other. They borrow from each other, resist each other or assimilate. Behind these observable and partly quantifiable results, processes for the production of meaning are established, and it is these processes that interest us in particular. How do societies create symbolism, under which conditions and through the application of which methods? Between acculturation, bricolage and connections, which analytical criteria should be applied and in which context?\r\n\r\nThe historical ruptures \u2013 the events \u2013 in the life of plural societies will also form the object of a new study, an innovative approach will be applied in the evaluation of the categories of \u2018before\u2019 and \u2018after\u2019. Conflict and resilience, crisis and emergence from crisis, revolution and post-revolution \u2013 all facts whose modelling also obeys the logic of plurality.\r\n<h2>Associated scientific events<\/h2>\r\n<ul>\r\n \t<li>Colloque international \u00ab\u00a0Cosmopolitanism Revisited: Comparative Perspectives on Urban Diversity from the Gulf and Beyond\u00a0\u00bb, (Paris, October 11-12, 2017 )<\/li>\r\n \t<li>\u00ab\u00a0<em>Linguistic Landscape\/s<\/em>\u00a0:\u00a0quels ancrages disciplinaires dans les univers de recherche anglophone et francophone ?\u00a0\u00bb, (F. Mourlhon-Dallies and I. Saint-Georges papers) in Conference <em>Les d\u00e9signations disciplinaires et leurs contenus\u00a0: le paradigme des Studies<\/em> (Universit\u00e9 Paris 13, January, 19, 2017).<\/li>\r\n \t<li>Workshop MAGMET\u00a0<a href=\"http:\/\/societesplurielles.fr\/en\/urban-cosmopolitanisms\/\">\u00ab\u00a0Urban cosmopolitanisms: methodological and theoretical issues\u00a0\u00bb<\/a>\u00a0(Paris, October 17, 2016)<\/li>\r\n \t<li>Conference \u00ab\u00a0<a href=\"http:\/\/societesplurielles.fr\/en\/legacies-of-shmuel-noah-eisenstadt\/\">Legacies of Shmuel Noah Eisenstadt : from Philology to Sociology<\/a>\u00a0\u00bb (Paris, January 26-27, 2016)<\/li>\r\n \t<li>Conference \u00ab\u00a0Cosmopolitisme et soci\u00e9t\u00e9s plurielles\u00a0\u00bb, (Paris, October 15-16, 2015)<\/li>\r\n \t<li>Conference \u00ab\u00a0<a href=\"http:\/\/societesplurielles.fr\/en\/le-debat-sur-le-multiculturalisme-est-il-clos\/\">Le d\u00e9bat sur le multiculturalisme est-il clos ?<\/a>\u00a0\u00bb, with Michel Wieviorka, FMSH (Paris, March 2, 2015)<\/li>\r\n<\/ul>","_en_post_name":"rethinking-the-paradigms","_en_post_excerpt":"","_en_post_title":"Rethinking the Paradigms","edit_language":"fr","footnotes":""},"class_list":["post-79","page","type-page","status-publish","has-post-thumbnail","hentry"],"_links":{"self":[{"href":"https:\/\/societesplurielles.fr\/fr\/wp-json\/wp\/v2\/pages\/79","targetHints":{"allow":["GET"]}}],"collection":[{"href":"https:\/\/societesplurielles.fr\/fr\/wp-json\/wp\/v2\/pages"}],"about":[{"href":"https:\/\/societesplurielles.fr\/fr\/wp-json\/wp\/v2\/types\/page"}],"author":[{"embeddable":true,"href":"https:\/\/societesplurielles.fr\/fr\/wp-json\/wp\/v2\/users\/1"}],"replies":[{"embeddable":true,"href":"https:\/\/societesplurielles.fr\/fr\/wp-json\/wp\/v2\/comments?post=79"}],"version-history":[{"count":23,"href":"https:\/\/societesplurielles.fr\/fr\/wp-json\/wp\/v2\/pages\/79\/revisions"}],"predecessor-version":[{"id":522,"href":"https:\/\/societesplurielles.fr\/fr\/wp-json\/wp\/v2\/pages\/79\/revisions\/522"}],"up":[{"embeddable":true,"href":"https:\/\/societesplurielles.fr\/fr\/wp-json\/wp\/v2\/pages\/232"}],"wp:featuredmedia":[{"embeddable":true,"href":"https:\/\/societesplurielles.fr\/fr\/wp-json\/wp\/v2\/media\/453"}],"wp:attachment":[{"href":"https:\/\/societesplurielles.fr\/fr\/wp-json\/wp\/v2\/media?parent=79"}],"curies":[{"name":"wp","href":"https:\/\/api.w.org\/{rel}","templated":true}]}}